{"id":241,"date":"2023-12-06T12:46:28","date_gmt":"2023-12-06T17:46:28","guid":{"rendered":"https:\/\/eneaudio-edu-co.preview-domain.com\/?page_id=241"},"modified":"2026-04-15T15:27:23","modified_gmt":"2026-04-15T20:27:23","slug":"mision-y-vision","status":"publish","type":"page","link":"https:\/\/eneaudio.edu.co\/indexphp\/mision-y-vision\/","title":{"rendered":"Misi\u00f3n y Visi\u00f3n"},"content":{"rendered":"<p>[et_pb_section fb_built=\u00bb1&#8243; disabled_on=\u00bboff|off|off\u00bb _builder_version=\u00bb4.25.1&#8243; _module_preset=\u00bbdefault\u00bb background_color=\u00bb#9b9b9b\u00bb background_image=\u00bbhttps:\/\/eneaudio.edu.co\/wp-content\/uploads\/2024\/06\/Mision-Vision-min-scaled.jpg\u00bb height=\u00bb260px\u00bb height_tablet=\u00bb180px\u00bb height_phone=\u00bb100px\u00bb height_last_edited=\u00bbon|desktop\u00bb custom_margin=\u00bb||0px||false|false\u00bb custom_padding=\u00bb0px||||false|false\u00bb global_colors_info=\u00bb{}\u00bb][\/et_pb_section][et_pb_section fb_built=\u00bb1&#8243; disabled_on=\u00bboff|off|off\u00bb _builder_version=\u00bb4.24.2&#8243; _module_preset=\u00bbdefault\u00bb custom_margin=\u00bb||||false|false\u00bb custom_padding=\u00bb||2px||false|false\u00bb global_colors_info=\u00bb{}\u00bb][et_pb_row column_structure=\u00bb1_2,1_2&#8243; _builder_version=\u00bb4.24.2&#8243; _module_preset=\u00bbdefault\u00bb global_colors_info=\u00bb{}\u00bb][et_pb_column type=\u00bb1_2&#8243; _builder_version=\u00bb4.24.2&#8243; _module_preset=\u00bbdefault\u00bb global_colors_info=\u00bb{}\u00bb][et_pb_text _builder_version=\u00bb4.24.2&#8243; _module_preset=\u00bbdefault\u00bb header_text_color=\u00bb#C70000&#8243; global_colors_info=\u00bb{}\u00bb]<\/p>\n<h1>Misi\u00f3n<\/h1>\n<p>A trav\u00e9s de una combinaci\u00f3n de ense\u00f1anza te\u00f3rica y pr\u00e1ctica, buscamos formar a profesionales altamente competentes y capacitados para enfrentar los desaf\u00edos del mundo del audio, contribuyendo as\u00ed al desarrollo de la industria musical y audiovisual. Nuestra misi\u00f3n es inspirar la creatividad, fomentar la excelencia acad\u00e9mica y promover una cultura de innovaci\u00f3n en nuestros estudiantes, prepar\u00e1ndolos para sobresalir en un mercado laboral exigente y en constante evoluci\u00f3n.<\/p>\n<p>[\/et_pb_text][\/et_pb_column][et_pb_column type=\u00bb1_2&#8243; _builder_version=\u00bb4.24.2&#8243; _module_preset=\u00bbdefault\u00bb global_colors_info=\u00bb{}\u00bb][et_pb_text _builder_version=\u00bb4.24.2&#8243; _module_preset=\u00bbdefault\u00bb header_text_color=\u00bb#C70000&#8243; global_colors_info=\u00bb{}\u00bb]<\/p>\n<h1>Visi\u00f3n<\/h1>\n<p>La visi\u00f3n de ENE Audio es convertirse en un referente nacional e internacional en la formaci\u00f3n t\u00e9cnica en los campos del audio y sonido. Buscamos ser reconocidos por la excelencia acad\u00e9mica de nuestros programas y la calidad de nuestra ense\u00f1anza en la industria del sonido. Nos esforzamos por ser l\u00edderes en la capacitaci\u00f3n de profesionales altamente calificados, innovadores y comprometidos con los m\u00e1s altos est\u00e1ndares \u00e9ticos y profesionales. Nuestra visi\u00f3n es ser un motor de cambio en la industria, contribuyendo al crecimiento y desarrollo sostenible del sector del audio a nivel global.<\/p>\n<p>[\/et_pb_text][\/et_pb_column][\/et_pb_row][et_pb_row _builder_version=\u00bb4.24.2&#8243; _module_preset=\u00bbdefault\u00bb global_colors_info=\u00bb{}\u00bb][et_pb_column type=\u00bb4_4&#8243; _builder_version=\u00bb4.23&#8243; _module_preset=\u00bbdefault\u00bb global_colors_info=\u00bb{}\u00bb][et_pb_divider _builder_version=\u00bb4.23&#8243; _module_preset=\u00bbdefault\u00bb global_colors_info=\u00bb{}\u00bb][\/et_pb_divider][\/et_pb_column][\/et_pb_row][et_pb_row _builder_version=\u00bb4.24.2&#8243; _module_preset=\u00bbdefault\u00bb global_colors_info=\u00bb{}\u00bb][et_pb_column type=\u00bb4_4&#8243; _builder_version=\u00bb4.24.2&#8243; _module_preset=\u00bbdefault\u00bb global_colors_info=\u00bb{}\u00bb][et_pb_heading title=\u00bbPol\u00edtica de Calidad\u00bb _builder_version=\u00bb4.24.2&#8243; _module_preset=\u00bbdefault\u00bb title_text_align=\u00bbcenter\u00bb title_text_color=\u00bb#C70000&#8243; global_colors_info=\u00bb{}\u00bb][\/et_pb_heading][et_pb_text _builder_version=\u00bb4.24.2&#8243; _module_preset=\u00bbdefault\u00bb global_colors_info=\u00bb{}\u00bb]<\/p>\n<p>ENE Audio tiene el compromiso de ofrecer educaci\u00f3n de calidad, formando profesionales integrales y altamente capacitados en su campo. Nuestros programas est\u00e1n dise\u00f1ados para satisfacer las demandas del sector productivo, basados en un modelo pedag\u00f3gico diferenciador y orientado a la excelencia profesional. Contamos con personal comprometido y experto en el \u00e1rea del saber espec\u00edfico, as\u00ed como con aliados estrat\u00e9gicos de talla mundial. Nuestra clara orientaci\u00f3n hacia la calidad nos impulsa a mantener est\u00e1ndares elevados en todos nuestros procesos educativos y formativos.<\/p>\n<p>[\/et_pb_text][et_pb_button button_url=\u00bb@ET-DC@eyJkeW5hbWljIjp0cnVlLCJjb250ZW50IjoicG9zdF9saW5rX3VybF9wYWdlIiwic2V0dGluZ3MiOnsicG9zdF9pZCI6IjI2MCJ9fQ==@\u00bb button_text=\u00bb\u00a1Conoce los premios de nuestros estudiantes!\u00bb button_alignment=\u00bbcenter\u00bb button_text_tablet=\u00bb\u00a1Conoce los premios de nuestros estudiantes!\u00bb button_text_phone=\u00bb\u00a1Conoce los premios de nuestros estudiantes!\u00bb button_text_last_edited=\u00bbon|desktop\u00bb admin_label=\u00bbPremios AES\u00bb _builder_version=\u00bb4.24.2&#8243; _dynamic_attributes=\u00bbbutton_url\u00bb _module_preset=\u00bbdefault\u00bb custom_button=\u00bbon\u00bb button_text_color=\u00bb#C70000&#8243; button_bg_color=\u00bbRGBA(255,255,255,0)\u00bb button_border_color=\u00bb#C70000&#8243; button_border_radius=\u00bb27px\u00bb button_icon=\u00bb&#xf091;||fa||900&#8243; button_icon_color=\u00bb#C70000&#8243; button_icon_placement=\u00bbleft\u00bb button_on_hover=\u00bboff\u00bb background_layout=\u00bbdark\u00bb box_shadow_style=\u00bbpreset2&#8243; global_colors_info=\u00bb{}\u00bb button_text__hover_enabled=\u00bbon|desktop\u00bb button_text__hover=\u00bb\u00a1Conoce los premios de nuestros estudiantes!\u00bb][\/et_pb_button][\/et_pb_column][\/et_pb_row][\/et_pb_section]<\/p>\n","protected":false},"excerpt":{"rendered":"<p>Misi\u00f3n A trav\u00e9s de una combinaci\u00f3n de ense\u00f1anza te\u00f3rica y pr\u00e1ctica, buscamos formar a profesionales altamente competentes y capacitados para enfrentar los desaf\u00edos del mundo del audio, contribuyendo as\u00ed al desarrollo de la industria musical y audiovisual. Nuestra misi\u00f3n es inspirar la creatividad, fomentar la excelencia acad\u00e9mica y promover una cultura de innovaci\u00f3n en nuestros [&hellip;]<\/p>\n","protected":false},"author":1,"featured_media":0,"parent":0,"menu_order":0,"comment_status":"closed","ping_status":"closed","template":"","meta":{"_et_pb_use_builder":"on","_et_pb_old_content":"","_et_gb_content_width":"","sfsi_plus_gutenberg_text_before_share":"","sfsi_plus_gutenberg_show_text_before_share":"","sfsi_plus_gutenberg_icon_type":"","sfsi_plus_gutenberg_icon_alignemt":"","sfsi_plus_gutenburg_max_per_row":"","_monsterinsights_skip_tracking":false,"_monsterinsights_sitenote_active":false,"_monsterinsights_sitenote_note":"","_monsterinsights_sitenote_category":0,"_joinchat":[],"footnotes":""},"class_list":["post-241","page","type-page","status-publish","hentry"],"yoast_head":"<!-- This site is optimized with the Yoast SEO plugin v26.9 - https:\/\/yoast.com\/product\/yoast-seo-wordpress\/ -->\n<title>Misi\u00f3n y Visi\u00f3n - Instituto ENE Audio<\/title>\n<meta name=\"description\" content=\"Conoc\u00e9 nuestra misi\u00f3n y hacia d\u00f3nde proyectamos nuestra visi\u00f3n como l\u00edderes en la formaci\u00f3n profesional en audio y sonido.\" \/>\n<meta name=\"robots\" content=\"index, follow, max-snippet:-1, max-image-preview:large, max-video-preview:-1\" \/>\n<link rel=\"canonical\" href=\"https:\/\/eneaudio.edu.co\/indexphp\/mision-y-vision\/\" \/>\n<meta property=\"og:locale\" content=\"es_ES\" \/>\n<meta property=\"og:type\" content=\"article\" \/>\n<meta property=\"og:title\" content=\"Misi\u00f3n y Visi\u00f3n - Instituto ENE Audio\" \/>\n<meta property=\"og:description\" content=\"Conoc\u00e9 nuestra misi\u00f3n y hacia d\u00f3nde proyectamos nuestra visi\u00f3n como l\u00edderes en la formaci\u00f3n profesional en audio y sonido.\" \/>\n<meta property=\"og:url\" content=\"https:\/\/eneaudio.edu.co\/indexphp\/mision-y-vision\/\" \/>\n<meta property=\"og:site_name\" content=\"Instituto ENE Audio\" \/>\n<meta property=\"article:publisher\" content=\"https:\/\/www.facebook.com\/institutoeneaudio\" \/>\n<meta property=\"article:modified_time\" content=\"2026-04-15T20:27:23+00:00\" \/>\n<meta property=\"og:image\" content=\"https:\/\/eneaudio.edu.co\/wp-content\/uploads\/2025\/07\/Imagen-ENE-Audio-Pag.-Web.jpg\" \/>\n\t<meta property=\"og:image:width\" content=\"1774\" \/>\n\t<meta property=\"og:image:height\" content=\"675\" \/>\n\t<meta property=\"og:image:type\" content=\"image\/jpeg\" \/>\n<meta name=\"twitter:card\" content=\"summary_large_image\" \/>\n<meta name=\"twitter:site\" content=\"@ENEaudio\" \/>\n<meta name=\"twitter:label1\" content=\"Tiempo de lectura\" \/>\n\t<meta name=\"twitter:data1\" content=\"2 minutos\" \/>\n<script type=\"application\/ld+json\" class=\"yoast-schema-graph\">{\"@context\":\"https:\/\/schema.org\",\"@graph\":[{\"@type\":\"WebPage\",\"@id\":\"https:\/\/eneaudio.edu.co\/indexphp\/mision-y-vision\/\",\"url\":\"https:\/\/eneaudio.edu.co\/indexphp\/mision-y-vision\/\",\"name\":\"Misi\u00f3n y Visi\u00f3n - Instituto ENE Audio\",\"isPartOf\":{\"@id\":\"https:\/\/eneaudio.edu.co\/#website\"},\"datePublished\":\"2023-12-06T17:46:28+00:00\",\"dateModified\":\"2026-04-15T20:27:23+00:00\",\"description\":\"Conoc\u00e9 nuestra misi\u00f3n y hacia d\u00f3nde proyectamos nuestra visi\u00f3n como l\u00edderes en la formaci\u00f3n profesional en audio y sonido.\",\"breadcrumb\":{\"@id\":\"https:\/\/eneaudio.edu.co\/indexphp\/mision-y-vision\/#breadcrumb\"},\"inLanguage\":\"es\",\"potentialAction\":[{\"@type\":\"ReadAction\",\"target\":[\"https:\/\/eneaudio.edu.co\/indexphp\/mision-y-vision\/\"]}]},{\"@type\":\"BreadcrumbList\",\"@id\":\"https:\/\/eneaudio.edu.co\/indexphp\/mision-y-vision\/#breadcrumb\",\"itemListElement\":[{\"@type\":\"ListItem\",\"position\":1,\"name\":\"Portada\",\"item\":\"https:\/\/eneaudio.edu.co\/\"},{\"@type\":\"ListItem\",\"position\":2,\"name\":\"Misi\u00f3n y Visi\u00f3n\"}]},{\"@type\":\"WebSite\",\"@id\":\"https:\/\/eneaudio.edu.co\/#website\",\"url\":\"https:\/\/eneaudio.edu.co\/\",\"name\":\"Instituto ENE Audio\",\"description\":\"Educaci\u00f3n T\u00e9cnica en Audio y Sonido - Educaci\u00f3n Continua\",\"publisher\":{\"@id\":\"https:\/\/eneaudio.edu.co\/#organization\"},\"alternateName\":\"ENE Audio\",\"potentialAction\":[{\"@type\":\"SearchAction\",\"target\":{\"@type\":\"EntryPoint\",\"urlTemplate\":\"https:\/\/eneaudio.edu.co\/?s={search_term_string}\"},\"query-input\":{\"@type\":\"PropertyValueSpecification\",\"valueRequired\":true,\"valueName\":\"search_term_string\"}}],\"inLanguage\":\"es\"},{\"@type\":\"Organization\",\"@id\":\"https:\/\/eneaudio.edu.co\/#organization\",\"name\":\"Instituto ENE Audio\",\"url\":\"https:\/\/eneaudio.edu.co\/\",\"logo\":{\"@type\":\"ImageObject\",\"inLanguage\":\"es\",\"@id\":\"https:\/\/eneaudio.edu.co\/#\/schema\/logo\/image\/\",\"url\":\"https:\/\/eneaudio.edu.co\/wp-content\/uploads\/2023\/08\/eneaudio-logo-inicio-05.png\",\"contentUrl\":\"https:\/\/eneaudio.edu.co\/wp-content\/uploads\/2023\/08\/eneaudio-logo-inicio-05.png\",\"width\":364,\"height\":60,\"caption\":\"Instituto ENE Audio\"},\"image\":{\"@id\":\"https:\/\/eneaudio.edu.co\/#\/schema\/logo\/image\/\"},\"sameAs\":[\"https:\/\/www.facebook.com\/institutoeneaudio\",\"https:\/\/x.com\/ENEaudio\",\"https:\/\/www.instagram.com\/eneaudio\/\",\"https:\/\/www.youtube.com\/account_advanced\",\"https:\/\/www.tiktok.com\/@eneaudio\"]}]}<\/script>\n<!-- \/ Yoast SEO plugin. -->","yoast_head_json":{"title":"Misi\u00f3n y Visi\u00f3n - Instituto ENE Audio","description":"Conoc\u00e9 nuestra misi\u00f3n y hacia d\u00f3nde proyectamos nuestra visi\u00f3n como l\u00edderes en la formaci\u00f3n profesional en audio y sonido.","robots":{"index":"index","follow":"follow","max-snippet":"max-snippet:-1","max-image-preview":"max-image-preview:large","max-video-preview":"max-video-preview:-1"},"canonical":"https:\/\/eneaudio.edu.co\/indexphp\/mision-y-vision\/","og_locale":"es_ES","og_type":"article","og_title":"Misi\u00f3n y Visi\u00f3n - Instituto ENE Audio","og_description":"Conoc\u00e9 nuestra misi\u00f3n y hacia d\u00f3nde proyectamos nuestra visi\u00f3n como l\u00edderes en la formaci\u00f3n profesional en audio y sonido.","og_url":"https:\/\/eneaudio.edu.co\/indexphp\/mision-y-vision\/","og_site_name":"Instituto ENE Audio","article_publisher":"https:\/\/www.facebook.com\/institutoeneaudio","article_modified_time":"2026-04-15T20:27:23+00:00","og_image":[{"width":1774,"height":675,"url":"https:\/\/eneaudio.edu.co\/wp-content\/uploads\/2025\/07\/Imagen-ENE-Audio-Pag.-Web.jpg","type":"image\/jpeg"}],"twitter_card":"summary_large_image","twitter_site":"@ENEaudio","twitter_misc":{"Tiempo de lectura":"2 minutos"},"schema":{"@context":"https:\/\/schema.org","@graph":[{"@type":"WebPage","@id":"https:\/\/eneaudio.edu.co\/indexphp\/mision-y-vision\/","url":"https:\/\/eneaudio.edu.co\/indexphp\/mision-y-vision\/","name":"Misi\u00f3n y Visi\u00f3n - Instituto ENE Audio","isPartOf":{"@id":"https:\/\/eneaudio.edu.co\/#website"},"datePublished":"2023-12-06T17:46:28+00:00","dateModified":"2026-04-15T20:27:23+00:00","description":"Conoc\u00e9 nuestra misi\u00f3n y hacia d\u00f3nde proyectamos nuestra visi\u00f3n como l\u00edderes en la formaci\u00f3n profesional en audio y sonido.","breadcrumb":{"@id":"https:\/\/eneaudio.edu.co\/indexphp\/mision-y-vision\/#breadcrumb"},"inLanguage":"es","potentialAction":[{"@type":"ReadAction","target":["https:\/\/eneaudio.edu.co\/indexphp\/mision-y-vision\/"]}]},{"@type":"BreadcrumbList","@id":"https:\/\/eneaudio.edu.co\/indexphp\/mision-y-vision\/#breadcrumb","itemListElement":[{"@type":"ListItem","position":1,"name":"Portada","item":"https:\/\/eneaudio.edu.co\/"},{"@type":"ListItem","position":2,"name":"Misi\u00f3n y Visi\u00f3n"}]},{"@type":"WebSite","@id":"https:\/\/eneaudio.edu.co\/#website","url":"https:\/\/eneaudio.edu.co\/","name":"Instituto ENE Audio","description":"Educaci\u00f3n T\u00e9cnica en Audio y Sonido - Educaci\u00f3n Continua","publisher":{"@id":"https:\/\/eneaudio.edu.co\/#organization"},"alternateName":"ENE Audio","potentialAction":[{"@type":"SearchAction","target":{"@type":"EntryPoint","urlTemplate":"https:\/\/eneaudio.edu.co\/?s={search_term_string}"},"query-input":{"@type":"PropertyValueSpecification","valueRequired":true,"valueName":"search_term_string"}}],"inLanguage":"es"},{"@type":"Organization","@id":"https:\/\/eneaudio.edu.co\/#organization","name":"Instituto ENE Audio","url":"https:\/\/eneaudio.edu.co\/","logo":{"@type":"ImageObject","inLanguage":"es","@id":"https:\/\/eneaudio.edu.co\/#\/schema\/logo\/image\/","url":"https:\/\/eneaudio.edu.co\/wp-content\/uploads\/2023\/08\/eneaudio-logo-inicio-05.png","contentUrl":"https:\/\/eneaudio.edu.co\/wp-content\/uploads\/2023\/08\/eneaudio-logo-inicio-05.png","width":364,"height":60,"caption":"Instituto ENE Audio"},"image":{"@id":"https:\/\/eneaudio.edu.co\/#\/schema\/logo\/image\/"},"sameAs":["https:\/\/www.facebook.com\/institutoeneaudio","https:\/\/x.com\/ENEaudio","https:\/\/www.instagram.com\/eneaudio\/","https:\/\/www.youtube.com\/account_advanced","https:\/\/www.tiktok.com\/@eneaudio"]}]}},"jetpack_sharing_enabled":true,"jetpack-related-posts":[{"id":3286,"url":"https:\/\/eneaudio.edu.co\/indexphp\/cursos-y-talleres\/taller-medicion-de-loudness-para-audiovisuales-online\/","url_meta":{"origin":241,"position":0},"title":"Taller de Medici\u00f3n de Loudness para Audiovisuales &#8211; ONLINE","author":"admin","date":"5 de septiembre de 2024","format":false,"excerpt":"","rel":"","context":"Entrada similar","block_context":{"text":"Entrada similar","link":""},"img":{"alt_text":"","src":"","width":0,"height":0},"classes":[]},{"id":3368,"url":"https:\/\/eneaudio.edu.co\/indexphp\/cursos-y-talleres\/taller-de-limpieza-de-audio-en-izotope-rx-online\/","url_meta":{"origin":241,"position":1},"title":"Taller de Limpieza de Audio en iZotope RX &#8211; ONLINE","author":"admin","date":"10 de septiembre de 2024","format":false,"excerpt":"","rel":"","context":"Entrada similar","block_context":{"text":"Entrada similar","link":""},"img":{"alt_text":"","src":"","width":0,"height":0},"classes":[]},{"id":7787,"url":"https:\/\/eneaudio.edu.co\/taller-mastering-de-audio-profesional-flujo-de-trabajo-digital-e-hibrido-presencial\/","url_meta":{"origin":241,"position":2},"title":"Taller Mastering de Audio Profesional Flujo de Trabajo Digital e H\u00edbrido &#8211; PRESENCIAL","author":"admin","date":"22 de abril de 2026","format":false,"excerpt":"","rel":"","context":"Entrada similar","block_context":{"text":"Entrada similar","link":""},"img":{"alt_text":"","src":"","width":0,"height":0},"classes":[]},{"id":888,"url":"https:\/\/eneaudio.edu.co\/index.php\/somos\/docentes\/german-arevalo\/","url_meta":{"origin":241,"position":3},"title":"Germ\u00e1n Ar\u00e9valo","author":"admin","date":"11 de marzo de 2024","format":false,"excerpt":"","rel":"","context":"Entrada similar","block_context":{"text":"Entrada similar","link":""},"img":{"alt_text":"","src":"https:\/\/i0.wp.com\/eneaudio.edu.co\/wp-content\/uploads\/2024\/05\/Banner-Produccion-Musical.jpg?resize=350%2C200&ssl=1","width":350,"height":200,"srcset":"https:\/\/i0.wp.com\/eneaudio.edu.co\/wp-content\/uploads\/2024\/05\/Banner-Produccion-Musical.jpg?resize=350%2C200&ssl=1 1x, https:\/\/i0.wp.com\/eneaudio.edu.co\/wp-content\/uploads\/2024\/05\/Banner-Produccion-Musical.jpg?resize=525%2C300&ssl=1 1.5x, https:\/\/i0.wp.com\/eneaudio.edu.co\/wp-content\/uploads\/2024\/05\/Banner-Produccion-Musical.jpg?resize=700%2C400&ssl=1 2x"},"classes":[]},{"id":3605,"url":"https:\/\/eneaudio.edu.co\/indexphp\/post-produccion\/","url_meta":{"origin":241,"position":4},"title":"Cursos y talleres pagina borrador","author":"admin","date":"5 de octubre de 2024","format":false,"excerpt":"","rel":"","context":"Entrada similar","block_context":{"text":"Entrada similar","link":""},"img":{"alt_text":"","src":"","width":0,"height":0},"classes":[]},{"id":711,"url":"https:\/\/eneaudio.edu.co\/index.php\/somos\/docentes\/edgar-trujillo\/","url_meta":{"origin":241,"position":5},"title":"Edgar Trujillo","author":"admin","date":"11 de marzo de 2024","format":false,"excerpt":"","rel":"","context":"Entrada similar","block_context":{"text":"Entrada similar","link":""},"img":{"alt_text":"","src":"https:\/\/i0.wp.com\/eneaudio.edu.co\/wp-content\/uploads\/2024\/05\/Banner-Produccion-Musical.jpg?resize=350%2C200&ssl=1","width":350,"height":200,"srcset":"https:\/\/i0.wp.com\/eneaudio.edu.co\/wp-content\/uploads\/2024\/05\/Banner-Produccion-Musical.jpg?resize=350%2C200&ssl=1 1x, https:\/\/i0.wp.com\/eneaudio.edu.co\/wp-content\/uploads\/2024\/05\/Banner-Produccion-Musical.jpg?resize=525%2C300&ssl=1 1.5x, https:\/\/i0.wp.com\/eneaudio.edu.co\/wp-content\/uploads\/2024\/05\/Banner-Produccion-Musical.jpg?resize=700%2C400&ssl=1 2x"},"classes":[]}],"_links":{"self":[{"href":"https:\/\/eneaudio.edu.co\/index.php\/wp-json\/wp\/v2\/pages\/241","targetHints":{"allow":["GET"]}}],"collection":[{"href":"https:\/\/eneaudio.edu.co\/index.php\/wp-json\/wp\/v2\/pages"}],"about":[{"href":"https:\/\/eneaudio.edu.co\/index.php\/wp-json\/wp\/v2\/types\/page"}],"author":[{"embeddable":true,"href":"https:\/\/eneaudio.edu.co\/index.php\/wp-json\/wp\/v2\/users\/1"}],"replies":[{"embeddable":true,"href":"https:\/\/eneaudio.edu.co\/index.php\/wp-json\/wp\/v2\/comments?post=241"}],"version-history":[{"count":35,"href":"https:\/\/eneaudio.edu.co\/index.php\/wp-json\/wp\/v2\/pages\/241\/revisions"}],"predecessor-version":[{"id":7772,"href":"https:\/\/eneaudio.edu.co\/index.php\/wp-json\/wp\/v2\/pages\/241\/revisions\/7772"}],"wp:attachment":[{"href":"https:\/\/eneaudio.edu.co\/index.php\/wp-json\/wp\/v2\/media?parent=241"}],"curies":[{"name":"wp","href":"https:\/\/api.w.org\/{rel}","templated":true}]}}