{"id":6633,"date":"2025-08-25T15:03:54","date_gmt":"2025-08-25T20:03:54","guid":{"rendered":"https:\/\/eneaudio.edu.co\/?page_id=6633"},"modified":"2025-08-30T11:16:05","modified_gmt":"2025-08-30T16:16:05","slug":"taller-de-mezcla-dolby-atmos-en-pro-tools-online","status":"publish","type":"page","link":"https:\/\/eneaudio.edu.co\/indexphp\/taller-de-mezcla-dolby-atmos-en-pro-tools-online\/","title":{"rendered":"Taller de Mezcla Dolby Atmos en Pro Tools &#8211; ONLINE"},"content":{"rendered":"<p>[et_pb_section fb_built=\u00bb1&#8243; custom_padding_last_edited=\u00bbon|desktop\u00bb _builder_version=\u00bb4.27.2&#8243; _module_preset=\u00bbdefault\u00bb background_image=\u00bbhttps:\/\/eneaudio.edu.co\/wp-content\/uploads\/2025\/08\/Banner-Taller-de-Mezcla-Dolby-Atmos-en-Pro-Tools-ONLINE.jpeg\u00bb transform_scale_tablet=\u00bb\u00bb transform_scale_phone=\u00bb\u00bb transform_scale_last_edited=\u00bbon|tablet\u00bb transform_translate_tablet=\u00bb\u00bb transform_translate_phone=\u00bb\u00bb transform_translate_last_edited=\u00bbon|desktop\u00bb transform_rotate_tablet=\u00bb\u00bb transform_rotate_phone=\u00bb\u00bb transform_rotate_last_edited=\u00bbon|desktop\u00bb transform_skew_tablet=\u00bb\u00bb transform_skew_phone=\u00bb\u00bb transform_skew_last_edited=\u00bbon|desktop\u00bb transform_origin_tablet=\u00bb\u00bb transform_origin_phone=\u00bb\u00bb transform_origin_last_edited=\u00bbon|desktop\u00bb transform_styles_last_edited=\u00bbon|tablet\u00bb min_height=\u00bb260px\u00bb min_height_tablet=\u00bb180px\u00bb min_height_phone=\u00bb100px\u00bb min_height_last_edited=\u00bbon|phone\u00bb height=\u00bb200px\u00bb max_height=\u00bb257px\u00bb custom_margin=\u00bb0px||||false|false\u00bb custom_padding=\u00bb153px||43px|||\u00bb custom_padding_tablet=\u00bb90px||||false|false\u00bb custom_padding_phone=\u00bb77px||43px||false|false\u00bb transform_styles_tablet=\u00bb\u00bb transform_styles_phone=\u00bb\u00bb locked=\u00bboff\u00bb global_colors_info=\u00bb{}\u00bb][et_pb_row _builder_version=\u00bb4.25.1&#8243; _module_preset=\u00bbdefault\u00bb module_alignment=\u00bbcenter\u00bb custom_margin=\u00bb||0px||false|false\u00bb custom_padding=\u00bb||0px||false|false\u00bb global_colors_info=\u00bb{}\u00bb][et_pb_column type=\u00bb4_4&#8243; _builder_version=\u00bb4.24.3&#8243; _module_preset=\u00bbdefault\u00bb global_colors_info=\u00bb{}\u00bb][et_pb_text _builder_version=\u00bb4.27.2&#8243; _module_preset=\u00bbdefault\u00bb header_text_color=\u00bb#FFFFFF\u00bb custom_margin=\u00bb||||false|false\u00bb custom_padding=\u00bb||||false|false\u00bb text_text_shadow_style=\u00bbpreset1&#8243; header_text_shadow_style=\u00bbpreset5&#8243; global_colors_info=\u00bb{}\u00bb]<\/p>\n<h1>Taller de Mezcla Dolby Atmos en Pro Tools &#8211; ONLINE<\/h1>\n<p>[\/et_pb_text][\/et_pb_column][\/et_pb_row][\/et_pb_section][et_pb_section fb_built=\u00bb1&#8243; _builder_version=\u00bb4.24.3&#8243; _module_preset=\u00bbdefault\u00bb locked=\u00bboff\u00bb global_colors_info=\u00bb{}\u00bb][et_pb_row column_structure=\u00bb1_2,1_2&#8243; _builder_version=\u00bb4.25.1&#8243; _module_preset=\u00bbdefault\u00bb custom_margin=\u00bb0px||||false|false\u00bb custom_padding=\u00bb0px||||false|false\u00bb global_colors_info=\u00bb{}\u00bb][et_pb_column type=\u00bb1_2&#8243; _builder_version=\u00bb4.24.3&#8243; _module_preset=\u00bbdefault\u00bb global_colors_info=\u00bb{}\u00bb][et_pb_text _builder_version=\u00bb4.27.2&#8243; _module_preset=\u00bbdefault\u00bb link_font=\u00bb||||||||\u00bb header_2_text_color=\u00bb#C70000&#8243; hover_enabled=\u00bb0&#8243; global_colors_info=\u00bb{}\u00bb sticky_enabled=\u00bb0&#8243;]<\/p>\n<h2><a href=\"https:\/\/eneaudio.edu.co\/index.php\/somos\/docentes-ene-audio\/andres-barrios\/\">Dictado por Andr\u00e9s Barrios<\/a><\/h2>\n<h4>Ingeniero de sonido<\/h4>\n<div class=\"page\" title=\"Page 1\">\n<div class=\"section\">\n<div class=\"layoutArea\">\n<div class=\"column\">\n<p><span style=\"font-weight: 400;\">Este taller est\u00e1 enfocado a ingenieros de sonido, productores, m\u00fasicos, sonidistas, editores de sonido y personas interesadas en aprender a configurar y mezclar en la \u00faltima tecnolog\u00eda de mezcla inmersiva Dolby Atmos, para productos audiovisuales.<\/span><\/p>\n<p>&nbsp;<\/p>\n<\/div>\n<\/div>\n<\/div>\n<\/div>\n<h2><span class=\"agsdi-icon\" style=\"color: #c70000!important; font-size: 30;\" data-icon=\"agsdi-check-circle\">check circle icon<\/span> Requisitos<\/h2>\n<div class=\"page\" title=\"Page 1\">\n<div class=\"section\">\n<div class=\"layoutArea\">\n<div class=\"column\">\n<ul>\n<li style=\"font-weight: 400;\" aria-level=\"1\"><span style=\"font-weight: 400;\">Conocimiento medio a avanzado de audio.<\/span><\/li>\n<li style=\"font-weight: 400;\" aria-level=\"1\"><span style=\"font-weight: 400;\">Manejo medio a avanzado de Pro Tools Studio\/Ultimate.<\/span><\/li>\n<li style=\"font-weight: 400;\" aria-level=\"1\"><span style=\"font-weight: 400;\">Manejo de flujo de se\u00f1al y mezcla surround (5.1 \u2013 7.1) en Pro Tools Studio\/Ultimate.<\/span><\/li>\n<li style=\"font-weight: 400;\" aria-level=\"1\"><span style=\"font-weight: 400;\">Conexi\u00f3n a internet estable.<\/span><\/li>\n<\/ul>\n<\/div>\n<\/div>\n<\/div>\n<\/div>\n<h2><span class=\"agsdi-icon\" style=\"color: #c70000!important; font-size: 30;\" data-icon=\"agsdi-notebook-2\">notebook 2 icon<\/span>\u00a0Metodolog\u00eda<\/h2>\n<p>Cada clase se iniciar\u00e1 con la explicaci\u00f3n del tema correspondiente, mostrando de una forma pr\u00e1ctica los mejores m\u00e9todos de trabajo.<\/p>\n<p><strong>NO PERDERA\u0301S NINGUNA CLASE.<\/strong> Si no puedes asistir a la clase en directo, podr\u00e1s verla fuera de l\u00ednea y repetirla cuantas veces quieras durante un mes despu\u00e9s de finalizado el taller.<\/p>\n<h2><span class=\"agsdi-icon\" style=\"color: #c70000!important; font-size: 30;\" data-icon=\"agsdi-calendar-heart\">calendar heart icon<\/span>\u00a0Duraci\u00f3n<\/h2>\n<p><strong>Duraci\u00f3n:<\/strong> El taller tiene una duracio\u0301n de 6 horas divididas en 3 clases de 2 horas cada una.<\/p>\n<p><strong>Fechas: <\/strong>Mi\u00e9rcoles 01, viernes 03, lunes 06, mi\u00e9rcoles 08 y viernes 10 de Octubre de 2025 de 6:00 p.m. a 8:00 p.m., hora de Colombia.<\/p>\n<p><a href=\"https:\/\/www.timeanddate.com\/worldclock\/fixedtime.html?msg=Taller+de+Mezcla+Dolby+Atmos+en+Pro+Tools+-+ONLINE+-+ENE+Audio&amp;iso=20251001T18&amp;p1=41\" target=\"_blank\" rel=\"noopener\"><strong>(CLIC AQU\u00cd para saber la hora en tu ciudad)<\/strong><\/a><\/p>\n<h2><span class=\"agsdi-icon\" style=\"color: #c70000!important; font-size: 30;\" data-icon=\"agsdi-dollar\">dollar icon<\/span>\u00a0Inversi\u00f3n<\/h2>\n<p>Pesos colombianos <span style=\"font-size: 14px;\">$940.000= (233 do\u0301lares)<\/span><\/p>\n<p><strong>** Pregunta por nuestro descuento especial por <a href=\"https:\/\/api.whatsapp.com\/send?phone=573188798097&amp;text=Hola%20Lucia,%20quiero%20m%C3%A1s%20informaci%C3%B3n%20sobre%20el%20descuento%20especial%20del%20Taller%20de%20Mezcla%20Dolby%20Atmos%20en%20Pro%20Tools%20-%20ONLINE\" target=\"_blank\" rel=\"noopener\">WhatsApp AQU\u00cd<\/a><\/strong><\/p>\n<p>&nbsp;<\/p>\n<p>[\/et_pb_text][\/et_pb_column][et_pb_column type=\u00bb1_2&#8243; _builder_version=\u00bb4.24.3&#8243; _module_preset=\u00bbdefault\u00bb global_colors_info=\u00bb{}\u00bb][et_pb_code _builder_version=\u00bb4.27.2&#8243; _module_preset=\u00bbdefault\u00bb border_radii=\u00bbon|10px|10px|10px|10px\u00bb box_shadow_style=\u00bbpreset6&#8243; global_colors_info=\u00bb{}\u00bb]<iframe loading=\"lazy\" src=\"https:\/\/docs.google.com\/forms\/d\/e\/1FAIpQLScnsSwGndqNJ11h_GL7Dhqgt6CBxVZicdEUkUv7va9oglLHGg\/viewform?usp=sf_link\" width=\"640\" height=\"1137\" frameborder=\"0\" marginheight=\"0\" marginwidth=\"0\">Cargando\u2026<\/iframe>[\/et_pb_code][\/et_pb_column][\/et_pb_row][\/et_pb_section]<\/p>\n","protected":false},"excerpt":{"rendered":"<p>Taller de Mezcla Dolby Atmos en Pro Tools &#8211; ONLINEDictado por Andr\u00e9s Barrios Ingeniero de sonido Este taller est\u00e1 enfocado a ingenieros de sonido, productores, m\u00fasicos, sonidistas, editores de sonido y personas interesadas en aprender a configurar y mezclar en la \u00faltima tecnolog\u00eda de mezcla inmersiva Dolby Atmos, para productos audiovisuales. &nbsp; check circle icon [&hellip;]<\/p>\n","protected":false},"author":1,"featured_media":0,"parent":0,"menu_order":0,"comment_status":"closed","ping_status":"closed","template":"","meta":{"_et_pb_use_builder":"on","_et_pb_old_content":"","_et_gb_content_width":"","sfsi_plus_gutenberg_text_before_share":"","sfsi_plus_gutenberg_show_text_before_share":"","sfsi_plus_gutenberg_icon_type":"","sfsi_plus_gutenberg_icon_alignemt":"","sfsi_plus_gutenburg_max_per_row":"","_monsterinsights_skip_tracking":false,"_monsterinsights_sitenote_active":false,"_monsterinsights_sitenote_note":"","_monsterinsights_sitenote_category":0,"_joinchat":[],"footnotes":""},"class_list":["post-6633","page","type-page","status-publish","hentry"],"yoast_head":"<!-- This site is optimized with the Yoast SEO plugin v26.9 - https:\/\/yoast.com\/product\/yoast-seo-wordpress\/ -->\n<title>Taller de Mezcla Dolby Atmos en Pro Tools - ONLINE - Instituto ENE Audio<\/title>\n<meta name=\"robots\" content=\"index, follow, max-snippet:-1, max-image-preview:large, max-video-preview:-1\" \/>\n<link rel=\"canonical\" href=\"https:\/\/eneaudio.edu.co\/indexphp\/taller-de-mezcla-dolby-atmos-en-pro-tools-online\/\" \/>\n<meta property=\"og:locale\" content=\"es_ES\" \/>\n<meta property=\"og:type\" content=\"article\" \/>\n<meta property=\"og:title\" content=\"Taller de Mezcla Dolby Atmos en Pro Tools - ONLINE - Instituto ENE Audio\" \/>\n<meta property=\"og:description\" content=\"Taller de Mezcla Dolby Atmos en Pro Tools - ONLINEDictado por Andr\u00e9s Barrios Ingeniero de sonido Este taller est\u00e1 enfocado a ingenieros de sonido, productores, m\u00fasicos, sonidistas, editores de sonido y personas interesadas en aprender a configurar y mezclar en la \u00faltima tecnolog\u00eda de mezcla inmersiva Dolby Atmos, para productos audiovisuales. &nbsp; check circle icon [&hellip;]\" \/>\n<meta property=\"og:url\" content=\"https:\/\/eneaudio.edu.co\/indexphp\/taller-de-mezcla-dolby-atmos-en-pro-tools-online\/\" \/>\n<meta property=\"og:site_name\" content=\"Instituto ENE Audio\" \/>\n<meta property=\"article:publisher\" content=\"https:\/\/www.facebook.com\/institutoeneaudio\" \/>\n<meta property=\"article:modified_time\" content=\"2025-08-30T16:16:05+00:00\" \/>\n<meta property=\"og:image\" content=\"https:\/\/eneaudio.edu.co\/wp-content\/uploads\/2025\/07\/Imagen-ENE-Audio-Pag.-Web.jpg\" \/>\n\t<meta property=\"og:image:width\" content=\"1774\" \/>\n\t<meta property=\"og:image:height\" content=\"675\" \/>\n\t<meta property=\"og:image:type\" content=\"image\/jpeg\" \/>\n<meta name=\"twitter:card\" content=\"summary_large_image\" \/>\n<meta name=\"twitter:site\" content=\"@ENEaudio\" \/>\n<meta name=\"twitter:label1\" content=\"Tiempo de lectura\" \/>\n\t<meta name=\"twitter:data1\" content=\"1 minuto\" \/>\n<script type=\"application\/ld+json\" class=\"yoast-schema-graph\">{\"@context\":\"https:\/\/schema.org\",\"@graph\":[{\"@type\":\"WebPage\",\"@id\":\"https:\/\/eneaudio.edu.co\/indexphp\/taller-de-mezcla-dolby-atmos-en-pro-tools-online\/\",\"url\":\"https:\/\/eneaudio.edu.co\/indexphp\/taller-de-mezcla-dolby-atmos-en-pro-tools-online\/\",\"name\":\"Taller de Mezcla Dolby Atmos en Pro Tools - ONLINE - Instituto ENE Audio\",\"isPartOf\":{\"@id\":\"https:\/\/eneaudio.edu.co\/#website\"},\"datePublished\":\"2025-08-25T20:03:54+00:00\",\"dateModified\":\"2025-08-30T16:16:05+00:00\",\"breadcrumb\":{\"@id\":\"https:\/\/eneaudio.edu.co\/indexphp\/taller-de-mezcla-dolby-atmos-en-pro-tools-online\/#breadcrumb\"},\"inLanguage\":\"es\",\"potentialAction\":[{\"@type\":\"ReadAction\",\"target\":[\"https:\/\/eneaudio.edu.co\/indexphp\/taller-de-mezcla-dolby-atmos-en-pro-tools-online\/\"]}]},{\"@type\":\"BreadcrumbList\",\"@id\":\"https:\/\/eneaudio.edu.co\/indexphp\/taller-de-mezcla-dolby-atmos-en-pro-tools-online\/#breadcrumb\",\"itemListElement\":[{\"@type\":\"ListItem\",\"position\":1,\"name\":\"Portada\",\"item\":\"https:\/\/eneaudio.edu.co\/\"},{\"@type\":\"ListItem\",\"position\":2,\"name\":\"Taller de Mezcla Dolby Atmos en Pro Tools &#8211; ONLINE\"}]},{\"@type\":\"WebSite\",\"@id\":\"https:\/\/eneaudio.edu.co\/#website\",\"url\":\"https:\/\/eneaudio.edu.co\/\",\"name\":\"Instituto ENE Audio\",\"description\":\"Educaci\u00f3n T\u00e9cnica en Audio y Sonido - Educaci\u00f3n Continua\",\"publisher\":{\"@id\":\"https:\/\/eneaudio.edu.co\/#organization\"},\"alternateName\":\"ENE Audio\",\"potentialAction\":[{\"@type\":\"SearchAction\",\"target\":{\"@type\":\"EntryPoint\",\"urlTemplate\":\"https:\/\/eneaudio.edu.co\/?s={search_term_string}\"},\"query-input\":{\"@type\":\"PropertyValueSpecification\",\"valueRequired\":true,\"valueName\":\"search_term_string\"}}],\"inLanguage\":\"es\"},{\"@type\":\"Organization\",\"@id\":\"https:\/\/eneaudio.edu.co\/#organization\",\"name\":\"Instituto ENE Audio\",\"url\":\"https:\/\/eneaudio.edu.co\/\",\"logo\":{\"@type\":\"ImageObject\",\"inLanguage\":\"es\",\"@id\":\"https:\/\/eneaudio.edu.co\/#\/schema\/logo\/image\/\",\"url\":\"https:\/\/eneaudio.edu.co\/wp-content\/uploads\/2023\/08\/eneaudio-logo-inicio-05.png\",\"contentUrl\":\"https:\/\/eneaudio.edu.co\/wp-content\/uploads\/2023\/08\/eneaudio-logo-inicio-05.png\",\"width\":364,\"height\":60,\"caption\":\"Instituto ENE Audio\"},\"image\":{\"@id\":\"https:\/\/eneaudio.edu.co\/#\/schema\/logo\/image\/\"},\"sameAs\":[\"https:\/\/www.facebook.com\/institutoeneaudio\",\"https:\/\/x.com\/ENEaudio\",\"https:\/\/www.instagram.com\/eneaudio\/\",\"https:\/\/www.youtube.com\/account_advanced\",\"https:\/\/www.tiktok.com\/@eneaudio\"]}]}<\/script>\n<!-- \/ Yoast SEO plugin. -->","yoast_head_json":{"title":"Taller de Mezcla Dolby Atmos en Pro Tools - ONLINE - Instituto ENE Audio","robots":{"index":"index","follow":"follow","max-snippet":"max-snippet:-1","max-image-preview":"max-image-preview:large","max-video-preview":"max-video-preview:-1"},"canonical":"https:\/\/eneaudio.edu.co\/indexphp\/taller-de-mezcla-dolby-atmos-en-pro-tools-online\/","og_locale":"es_ES","og_type":"article","og_title":"Taller de Mezcla Dolby Atmos en Pro Tools - ONLINE - Instituto ENE Audio","og_description":"Taller de Mezcla Dolby Atmos en Pro Tools - ONLINEDictado por Andr\u00e9s Barrios Ingeniero de sonido Este taller est\u00e1 enfocado a ingenieros de sonido, productores, m\u00fasicos, sonidistas, editores de sonido y personas interesadas en aprender a configurar y mezclar en la \u00faltima tecnolog\u00eda de mezcla inmersiva Dolby Atmos, para productos audiovisuales. &nbsp; check circle icon [&hellip;]","og_url":"https:\/\/eneaudio.edu.co\/indexphp\/taller-de-mezcla-dolby-atmos-en-pro-tools-online\/","og_site_name":"Instituto ENE Audio","article_publisher":"https:\/\/www.facebook.com\/institutoeneaudio","article_modified_time":"2025-08-30T16:16:05+00:00","og_image":[{"width":1774,"height":675,"url":"https:\/\/eneaudio.edu.co\/wp-content\/uploads\/2025\/07\/Imagen-ENE-Audio-Pag.-Web.jpg","type":"image\/jpeg"}],"twitter_card":"summary_large_image","twitter_site":"@ENEaudio","twitter_misc":{"Tiempo de lectura":"1 minuto"},"schema":{"@context":"https:\/\/schema.org","@graph":[{"@type":"WebPage","@id":"https:\/\/eneaudio.edu.co\/indexphp\/taller-de-mezcla-dolby-atmos-en-pro-tools-online\/","url":"https:\/\/eneaudio.edu.co\/indexphp\/taller-de-mezcla-dolby-atmos-en-pro-tools-online\/","name":"Taller de Mezcla Dolby Atmos en Pro Tools - ONLINE - Instituto ENE Audio","isPartOf":{"@id":"https:\/\/eneaudio.edu.co\/#website"},"datePublished":"2025-08-25T20:03:54+00:00","dateModified":"2025-08-30T16:16:05+00:00","breadcrumb":{"@id":"https:\/\/eneaudio.edu.co\/indexphp\/taller-de-mezcla-dolby-atmos-en-pro-tools-online\/#breadcrumb"},"inLanguage":"es","potentialAction":[{"@type":"ReadAction","target":["https:\/\/eneaudio.edu.co\/indexphp\/taller-de-mezcla-dolby-atmos-en-pro-tools-online\/"]}]},{"@type":"BreadcrumbList","@id":"https:\/\/eneaudio.edu.co\/indexphp\/taller-de-mezcla-dolby-atmos-en-pro-tools-online\/#breadcrumb","itemListElement":[{"@type":"ListItem","position":1,"name":"Portada","item":"https:\/\/eneaudio.edu.co\/"},{"@type":"ListItem","position":2,"name":"Taller de Mezcla Dolby Atmos en Pro Tools &#8211; ONLINE"}]},{"@type":"WebSite","@id":"https:\/\/eneaudio.edu.co\/#website","url":"https:\/\/eneaudio.edu.co\/","name":"Instituto ENE Audio","description":"Educaci\u00f3n T\u00e9cnica en Audio y Sonido - Educaci\u00f3n Continua","publisher":{"@id":"https:\/\/eneaudio.edu.co\/#organization"},"alternateName":"ENE Audio","potentialAction":[{"@type":"SearchAction","target":{"@type":"EntryPoint","urlTemplate":"https:\/\/eneaudio.edu.co\/?s={search_term_string}"},"query-input":{"@type":"PropertyValueSpecification","valueRequired":true,"valueName":"search_term_string"}}],"inLanguage":"es"},{"@type":"Organization","@id":"https:\/\/eneaudio.edu.co\/#organization","name":"Instituto ENE Audio","url":"https:\/\/eneaudio.edu.co\/","logo":{"@type":"ImageObject","inLanguage":"es","@id":"https:\/\/eneaudio.edu.co\/#\/schema\/logo\/image\/","url":"https:\/\/eneaudio.edu.co\/wp-content\/uploads\/2023\/08\/eneaudio-logo-inicio-05.png","contentUrl":"https:\/\/eneaudio.edu.co\/wp-content\/uploads\/2023\/08\/eneaudio-logo-inicio-05.png","width":364,"height":60,"caption":"Instituto ENE Audio"},"image":{"@id":"https:\/\/eneaudio.edu.co\/#\/schema\/logo\/image\/"},"sameAs":["https:\/\/www.facebook.com\/institutoeneaudio","https:\/\/x.com\/ENEaudio","https:\/\/www.instagram.com\/eneaudio\/","https:\/\/www.youtube.com\/account_advanced","https:\/\/www.tiktok.com\/@eneaudio"]}]}},"jetpack_sharing_enabled":true,"jetpack-related-posts":[{"id":7023,"url":"https:\/\/eneaudio.edu.co\/certificacion-pro-tools-dolby-atmos-presencial-cali\/","url_meta":{"origin":6633,"position":0},"title":"Certificaci\u00f3n Pro Tools Dolby Atmos &#8211; Presencial CALI","author":"admin","date":"29 de octubre de 2025","format":false,"excerpt":"","rel":"","context":"Entrada similar","block_context":{"text":"Entrada similar","link":""},"img":{"alt_text":"","src":"","width":0,"height":0},"classes":[]},{"id":291,"url":"https:\/\/eneaudio.edu.co\/indexphp\/certificaciones-pro-tools\/","url_meta":{"origin":6633,"position":1},"title":"Certificaciones Pro Tools","author":"admin","date":"20 de diciembre de 2023","format":false,"excerpt":"","rel":"","context":"Entrada similar","block_context":{"text":"Entrada similar","link":""},"img":{"alt_text":"Pantalla de DAW con sesi\u00f3n de mezcla abierta en estudio profesional de audio","src":"https:\/\/i0.wp.com\/eneaudio.edu.co\/wp-content\/uploads\/2024\/10\/Que-es-un-DAW.jpg?resize=350%2C200&ssl=1","width":350,"height":200,"srcset":"https:\/\/i0.wp.com\/eneaudio.edu.co\/wp-content\/uploads\/2024\/10\/Que-es-un-DAW.jpg?resize=350%2C200&ssl=1 1x, https:\/\/i0.wp.com\/eneaudio.edu.co\/wp-content\/uploads\/2024\/10\/Que-es-un-DAW.jpg?resize=525%2C300&ssl=1 1.5x, https:\/\/i0.wp.com\/eneaudio.edu.co\/wp-content\/uploads\/2024\/10\/Que-es-un-DAW.jpg?resize=700%2C400&ssl=1 2x, https:\/\/i0.wp.com\/eneaudio.edu.co\/wp-content\/uploads\/2024\/10\/Que-es-un-DAW.jpg?resize=1050%2C600&ssl=1 3x"},"classes":[]},{"id":2646,"url":"https:\/\/eneaudio.edu.co\/indexphp\/webinars\/","url_meta":{"origin":6633,"position":2},"title":"Webinars","author":"admin","date":"17 de junio de 2024","format":false,"excerpt":"","rel":"","context":"Entrada similar","block_context":{"text":"Entrada similar","link":""},"img":{"alt_text":"","src":"","width":0,"height":0},"classes":[]},{"id":705,"url":"https:\/\/eneaudio.edu.co\/indexphp\/somos\/docentes\/alejandro-pinzon\/","url_meta":{"origin":6633,"position":3},"title":"Alejandro Pinz\u00f3n","author":"admin","date":"11 de marzo de 2024","format":false,"excerpt":"","rel":"","context":"Entrada similar","block_context":{"text":"Entrada similar","link":""},"img":{"alt_text":"","src":"https:\/\/i0.wp.com\/eneaudio.edu.co\/wp-content\/uploads\/2025\/01\/john-alejandro-pinzon-baldion-.png?resize=350%2C200&ssl=1","width":350,"height":200},"classes":[]},{"id":676,"url":"https:\/\/eneaudio.edu.co\/indexphp\/somos\/docentes-ene-audio\/fabio-nicholls\/","url_meta":{"origin":6633,"position":4},"title":"Fabio Nicholls","author":"admin","date":"9 de marzo de 2024","format":false,"excerpt":"","rel":"","context":"Entrada similar","block_context":{"text":"Entrada similar","link":""},"img":{"alt_text":"","src":"https:\/\/i0.wp.com\/eneaudio.edu.co\/wp-content\/uploads\/2025\/01\/fabio-nicholls.png?resize=350%2C200&ssl=1","width":350,"height":200},"classes":[]},{"id":7787,"url":"https:\/\/eneaudio.edu.co\/taller-mastering-de-audio-profesional-flujo-de-trabajo-digital-e-hibrido-presencial\/","url_meta":{"origin":6633,"position":5},"title":"Taller Mastering de Audio Profesional Flujo de Trabajo Digital e H\u00edbrido &#8211; PRESENCIAL","author":"admin","date":"22 de abril de 2026","format":false,"excerpt":"","rel":"","context":"Entrada similar","block_context":{"text":"Entrada similar","link":""},"img":{"alt_text":"","src":"","width":0,"height":0},"classes":[]}],"_links":{"self":[{"href":"https:\/\/eneaudio.edu.co\/index.php\/wp-json\/wp\/v2\/pages\/6633","targetHints":{"allow":["GET"]}}],"collection":[{"href":"https:\/\/eneaudio.edu.co\/index.php\/wp-json\/wp\/v2\/pages"}],"about":[{"href":"https:\/\/eneaudio.edu.co\/index.php\/wp-json\/wp\/v2\/types\/page"}],"author":[{"embeddable":true,"href":"https:\/\/eneaudio.edu.co\/index.php\/wp-json\/wp\/v2\/users\/1"}],"replies":[{"embeddable":true,"href":"https:\/\/eneaudio.edu.co\/index.php\/wp-json\/wp\/v2\/comments?post=6633"}],"version-history":[{"count":9,"href":"https:\/\/eneaudio.edu.co\/index.php\/wp-json\/wp\/v2\/pages\/6633\/revisions"}],"predecessor-version":[{"id":6675,"href":"https:\/\/eneaudio.edu.co\/index.php\/wp-json\/wp\/v2\/pages\/6633\/revisions\/6675"}],"wp:attachment":[{"href":"https:\/\/eneaudio.edu.co\/index.php\/wp-json\/wp\/v2\/media?parent=6633"}],"curies":[{"name":"wp","href":"https:\/\/api.w.org\/{rel}","templated":true}]}}