{"id":748,"date":"2024-03-11T11:53:51","date_gmt":"2024-03-11T16:53:51","guid":{"rendered":"https:\/\/eneaudio-edu-co.preview-domain.com\/?page_id=748"},"modified":"2024-05-27T07:41:14","modified_gmt":"2024-05-27T12:41:14","slug":"andres-barrios","status":"publish","type":"page","link":"https:\/\/eneaudio.edu.co\/index.php\/somos\/docentes\/andres-barrios\/","title":{"rendered":"Andres Barrios"},"content":{"rendered":"<p>[et_pb_section fb_built=\u00bb1&#8243; _builder_version=\u00bb4.24.2&#8243; _module_preset=\u00bbdefault\u00bb global_colors_info=\u00bb{}\u00bb][et_pb_row column_structure=\u00bb2_3,1_3&#8243; _builder_version=\u00bb4.25.1&#8243; _module_preset=\u00bbdefault\u00bb locked=\u00bboff\u00bb global_colors_info=\u00bb{}\u00bb][et_pb_column type=\u00bb2_3&#8243; _builder_version=\u00bb4.24.2&#8243; _module_preset=\u00bbdefault\u00bb global_colors_info=\u00bb{}\u00bb][et_pb_image src=\u00bbhttps:\/\/eneaudio.edu.co\/wp-content\/uploads\/2024\/05\/andres-barrios-eneaudio-docente-03.jpeg\u00bb title_text=\u00bbandres-barrios-eneaudio-docente-03&#8243; _builder_version=\u00bb4.25.0&#8243; _module_preset=\u00bbdefault\u00bb global_colors_info=\u00bb{}\u00bb][\/et_pb_image][et_pb_text _builder_version=\u00bb4.25.0&#8243; _module_preset=\u00bbdefault\u00bb header_text_color=\u00bb#C70000&#8243; global_colors_info=\u00bb{}\u00bb]<\/p>\n<div>\n<h1>Andr\u00e9s Barrios Mier<\/h1>\n<p>Ingeniero de sonido y m\u00fasico profesional con m\u00e1s de 20 a\u00f1os de experiencia en realizaci\u00f3n de proyectos audiovisuales. Posee amplio conocimiento en flujos de trabajo de audio y herramientas de edici\u00f3n. Es docente e instructor certificado de Dolby Atmos y Avid Pro Tools (ACI 210D y 210P, Usuario Certificado Expert 310P), Avid Media Composer (Usuario Certificado), Blackmagic Davinci Resolve y Adobe Premiere, entre otras.<\/p>\n<p>Estudi\u00f3 su pregrado de M\u00fasica con \u00e9nfasis en Ingenier\u00eda de Sonido en la Pontificia Universidad Javeriana donde recibi\u00f3 menci\u00f3n de honor por su proyecto de grado \u201cDise\u00f1o Sonoro para Videojuegos\u201d. Tambi\u00e9n curs\u00f3 una especializaci\u00f3n en Negocios y Servicios de la M\u00fasica en la Universidad EAN.\u00a0 Posteriormente realiz\u00f3 una maestr\u00eda en Postproducci\u00f3n para Cine y TV en la Universidad de Salford en Manchester, Reino Unido donde fue becado y se gradu\u00f3 con honores.<\/p>\n<p>Ha colaborado como consultor de audio y especialista de productos Avid Pro Tools, Sennheiser, Mackie y Focusrite en Avcom Colombia. Tambi\u00e9n se desempe\u00f1\u00f3 como docente de c\u00e1tedra del programa de Cine y Televisi\u00f3n en la Universidad Jorge Tadeo Lozano. Actualmente trabaja como supervisor de sonido e ingeniero de mezcla en La Tina \u2013 Sound Design &amp; Film Scoring y como docente e Instructor certificado ACI de Dolby Atmos y Pro Tools en el Instituto\u00a0ENE Audio\u00a0en el \u00e1rea de postproducci\u00f3n.<\/p>\n<p>Andr\u00e9s ha colaborado en diversos proyectos audiovisuales:<\/p>\n<ul>\n<li>Pel\u00edculas como \u201cLos Iniciados (Parte I y II)\u201d (2023), \u201cCavewoman\u201d (2022), \u201cLa Piel Mas Temida\u201d (2023), \u201cSemilla del Desierto\u201d (2024), \u201cMuzzle\u201d (2023), \u201cLa noche de la bestia\u201d (2018), \u201cCarteristas\u201d (2017), \u201cPariente\u201d (2016), \u201cCiudad delirio\u201d (2014) y \u201cPixie post\u201d (2016).<\/li>\n<li>Series de TV como \u201cPrimate (Temporadas 1 y 2)\u201d (2022) \u201cP\u00e1lpito Temporada 2\u201d (2023), \u201cLas Iguanas\u201d (2021), \u201cEl Club de Los Graves\u201d (2023), \u201cConsuelo\u201d (2024), \u201cRuido capital\u201d (2019), \u201cEl Chapo\u201d (2017), \u201cThe Voice UK\u201d (2015), y \u201cBlanca\u201d (2016).<\/li>\n<li>Cortometrajes como \u201cTodo Incluido\u201d (2022), \u201cCementerio\u201d (2017), \u201cLos KaotiKos\u201d (2014), \u201cCaf\u00e9 con leche\u201d (2011), y \u201cVisions of Josie Leigh\u201d (2015).<\/li>\n<li>\u00a0Documentales como \u201cCiro y Yo\u201d (2017), \u201cEnrique Grau \u2013 El Santo y el Esclavo\u201d (2004), \u201cCarlos Mayolo \u2013 \u00a1De Pel\u00edcula!\u201d (2006), \u201cTomada\u201d (2016), \u201cLa nueva ola del rock en Colombia\u201d (2016), \u201c60\u00ba North \u2013 The Shetland Islands\u201d (2014), y \u201cThe Castle\u201d (2016).<\/li>\n<li>Proyectos musicales como \u201cTupac Mantilla \u2013 ONE\u201d (2016), \u201cLos Hermanos Hern\u00e1ndez\u201d (2017), \u201cFestival de M\u00fasica Cantabailanta\u201d (2017), y \u201cRodger Eagle \u2013 El \u00c1guila y El Capit\u00e1n\u201d (2015).<\/li>\n<li>Dise\u00f1o Sonoro para instalaciones art\u00edsticas como \u201cEspectro\u201d (2014) y \u00abSin Sala\u00bb (2019).<\/li>\n<\/ul>\n<p>Perfil en IMDb<\/p>\n<p><a href=\"https:\/\/www.imdb.com\/name\/nm4076695\/\">https:\/\/www.imdb.com\/name\/nm4076695\/<\/a><\/p>\n<\/div>\n<p>[\/et_pb_text][\/et_pb_column][et_pb_column type=\u00bb1_3&#8243; _builder_version=\u00bb4.24.2&#8243; _module_preset=\u00bbdefault\u00bb global_colors_info=\u00bb{}\u00bb][et_pb_button button_url=\u00bb@ET-DC@eyJkeW5hbWljIjp0cnVlLCJjb250ZW50IjoicG9zdF9saW5rX3VybF9wYWdlIiwic2V0dGluZ3MiOnsicG9zdF9pZCI6IjU1NyJ9fQ==@\u00bb button_text=\u00bbVer todos los docentes\u00bb button_alignment=\u00bbleft\u00bb _builder_version=\u00bb4.25.0&#8243; _dynamic_attributes=\u00bbbutton_url\u00bb _module_preset=\u00bbdefault\u00bb custom_button=\u00bbon\u00bb button_text_size=\u00bb28px\u00bb button_text_color=\u00bb#C70000&#8243; button_bg_color=\u00bbRGBA(255,255,255,0)\u00bb button_border_width=\u00bb2px\u00bb button_border_color=\u00bb#C70000&#8243; button_border_radius=\u00bb2377px\u00bb button_icon=\u00bb&#x24;||divi||400&#8243; button_icon_color=\u00bb#C70000&#8243; button_icon_placement=\u00bbleft\u00bb button_on_hover=\u00bboff\u00bb background_layout=\u00bbdark\u00bb button_text_size_tablet=\u00bb\u00bb button_text_size_phone=\u00bb20px\u00bb button_text_size_last_edited=\u00bbon|phone\u00bb box_shadow_style=\u00bbpreset1&#8243; locked=\u00bboff\u00bb global_colors_info=\u00bb{}\u00bb][\/et_pb_button][et_pb_divider color=\u00bb#C70000&#8243; _builder_version=\u00bb4.24.2&#8243; _module_preset=\u00bbdefault\u00bb custom_margin=\u00bb0px||0px||false|false\u00bb global_colors_info=\u00bb{}\u00bb][\/et_pb_divider][et_pb_text _builder_version=\u00bb4.25.0&#8243; _module_preset=\u00bbdefault\u00bb text_text_color=\u00bb#C70000&#8243; min_height=\u00bb325px\u00bb custom_padding=\u00bb||15px|||\u00bb custom_css_free_form=\u00bb.et_pb_text.et_pb_module img,||.et_pb_text.et_pb_module video {||    margin-bottom: 10px;||}\u00bb global_module=\u00bb2178&#8243; saved_tabs=\u00bball\u00bb global_colors_info=\u00bb{}\u00bb]<\/p>\n<h1><span style=\"color: #c70000;\"><a href=\"https:\/\/eneaudio.edu.co\/index.php\/programas-academicos\/\" style=\"color: #c70000;\">Conoce nuestros Programas Acad\u00e9micos<\/a><\/span><\/h1>\n<h1><a href=\"https:\/\/eneaudio.edu.co\/index.php\/produccion-musical\/\"><img loading=\"lazy\" decoding=\"async\" src=\"https:\/\/eneaudio.edu.co\/wp-content\/uploads\/2024\/05\/Banner-Produccion-Musical.jpg\" width=\"800\" height=\"180\" alt=\"\" class=\"wp-image-2165 alignleft size-full\" \/><\/a><a href=\"https:\/\/eneaudio.edu.co\/index.php\/postproduccion-de-audio\/\"><img loading=\"lazy\" decoding=\"async\" src=\"https:\/\/eneaudio.edu.co\/wp-content\/uploads\/2024\/05\/Banner-Postproduccion.jpg\" width=\"800\" height=\"180\" alt=\"\" class=\"wp-image-2167 alignleft size-full\" \/><\/a><a href=\"https:\/\/eneaudio.edu.co\/index.php\/sonido-en-vivo\/\"><img loading=\"lazy\" decoding=\"async\" src=\"https:\/\/eneaudio.edu.co\/wp-content\/uploads\/2024\/05\/Banner-Sonido-en-Vivo.jpg\" width=\"800\" height=\"180\" alt=\"\" class=\"wp-image-2166 alignleft size-full\" \/><\/a><\/h1>\n<p>[\/et_pb_text][et_pb_divider color=\u00bb#C70000&#8243; _builder_version=\u00bb4.24.2&#8243; _module_preset=\u00bbdefault\u00bb custom_margin=\u00bb0px||0px||false|false\u00bb global_colors_info=\u00bb{}\u00bb][\/et_pb_divider][et_pb_text _builder_version=\u00bb4.25.1&#8243; _module_preset=\u00bbdefault\u00bb header_text_color=\u00bb#C70000&#8243; header_2_text_color=\u00bb#C70000&#8243; min_height=\u00bb349px\u00bb custom_css_free_form=\u00bb.et_pb_text.et_pb_module img,||.et_pb_text.et_pb_module video {||    margin-bottom: 10px;||}\u00bb global_module=\u00bb2169&#8243; locked=\u00bboff\u00bb global_colors_info=\u00bb{}\u00bb]<\/p>\n<h1><a href=\"https:\/\/eneaudio.edu.co\/index.php\/cursos-y-talleres\/\">Pr\u00f3ximos Cursos, Talleres y Diplomados<\/a><\/h1>\n<h1><a href=\"https:\/\/eneaudio.edu.co\/index.php\/certificaciones-pro-tools\/\"><img loading=\"lazy\" decoding=\"async\" class=\"wp-image-2129 alignleft size-full\" src=\"https:\/\/eneaudio.edu.co\/wp-content\/uploads\/2024\/05\/Banner-Certificaciones-Pro-Tools.jpg\" alt=\"\" width=\"800\" height=\"180\" srcset=\"https:\/\/eneaudio.edu.co\/wp-content\/uploads\/2024\/05\/Banner-Certificaciones-Pro-Tools.jpg 800w, https:\/\/eneaudio.edu.co\/wp-content\/uploads\/2024\/05\/Banner-Certificaciones-Pro-Tools-480x108.jpg 480w\" sizes=\"auto, (min-width: 0px) and (max-width: 480px) 480px, (min-width: 481px) 800px, 100vw\" \/><\/a><br \/><a href=\"https:\/\/eneaudio.edu.co\/index.php\/tmp\/\"><img loading=\"lazy\" decoding=\"async\" src=\"https:\/\/eneaudio.edu.co\/wp-content\/uploads\/2024\/05\/Banner-Taller-de-Musica-en-Produccion.jpg\" width=\"800\" height=\"180\" alt=\"\" class=\"wp-image-2456 alignleft size-full\" srcset=\"https:\/\/eneaudio.edu.co\/wp-content\/uploads\/2024\/05\/Banner-Taller-de-Musica-en-Produccion.jpg 800w, https:\/\/eneaudio.edu.co\/wp-content\/uploads\/2024\/05\/Banner-Taller-de-Musica-en-Produccion-480x108.jpg 480w\" sizes=\"auto, (min-width: 0px) and (max-width: 480px) 480px, (min-width: 481px) 800px, 100vw\" \/><\/a><br \/><a href=\"https:\/\/pay.hotmart.com\/I86118195M?checkoutMode=6&amp;off=2ttnfuya&amp;offDiscount=60ENE330\" target=\"_blank\" rel=\"noopener\"><img loading=\"lazy\" decoding=\"async\" class=\"wp-image-2130 alignleft size-full\" src=\"https:\/\/eneaudio.edu.co\/wp-content\/uploads\/2024\/05\/Banner-Mezcla-5.1-Pro-Tools.jpg\" alt=\"\" width=\"800\" height=\"180\" srcset=\"https:\/\/eneaudio.edu.co\/wp-content\/uploads\/2024\/05\/Banner-Mezcla-5.1-Pro-Tools.jpg 800w, https:\/\/eneaudio.edu.co\/wp-content\/uploads\/2024\/05\/Banner-Mezcla-5.1-Pro-Tools-480x108.jpg 480w\" sizes=\"auto, (min-width: 0px) and (max-width: 480px) 480px, (min-width: 481px) 800px, 100vw\" \/><\/a><\/h1>\n<p>[\/et_pb_text][\/et_pb_column][\/et_pb_row][\/et_pb_section]<\/p>\n","protected":false},"excerpt":{"rendered":"<p>Andr\u00e9s Barrios Mier Ingeniero de sonido y m\u00fasico profesional con m\u00e1s de 20 a\u00f1os de experiencia en realizaci\u00f3n de proyectos audiovisuales. Posee amplio conocimiento en flujos de trabajo de audio y herramientas de edici\u00f3n. Es docente e instructor certificado de Dolby Atmos y Avid Pro Tools (ACI 210D y 210P, Usuario Certificado Expert 310P), Avid [&hellip;]<\/p>\n","protected":false},"author":1,"featured_media":0,"parent":557,"menu_order":0,"comment_status":"closed","ping_status":"closed","template":"","meta":{"_et_pb_use_builder":"on","_et_pb_old_content":"","_et_gb_content_width":"","sfsi_plus_gutenberg_text_before_share":"","sfsi_plus_gutenberg_show_text_before_share":"","sfsi_plus_gutenberg_icon_type":"","sfsi_plus_gutenberg_icon_alignemt":"","sfsi_plus_gutenburg_max_per_row":"","_monsterinsights_skip_tracking":false,"_monsterinsights_sitenote_active":false,"_monsterinsights_sitenote_note":"","_monsterinsights_sitenote_category":0,"_joinchat":[],"footnotes":""},"class_list":["post-748","page","type-page","status-publish","hentry"],"yoast_head":"<!-- This site is optimized with the Yoast SEO plugin v26.9 - https:\/\/yoast.com\/product\/yoast-seo-wordpress\/ -->\n<title>Andres Barrios - Instituto ENE Audio<\/title>\n<meta name=\"robots\" content=\"index, follow, max-snippet:-1, max-image-preview:large, max-video-preview:-1\" \/>\n<link rel=\"canonical\" href=\"https:\/\/eneaudio.edu.co\/index.php\/somos\/docentes\/andres-barrios\/\" \/>\n<meta property=\"og:locale\" content=\"es_ES\" \/>\n<meta property=\"og:type\" content=\"article\" \/>\n<meta property=\"og:title\" content=\"Andres Barrios - Instituto ENE Audio\" \/>\n<meta property=\"og:description\" content=\"Andr\u00e9s Barrios Mier Ingeniero de sonido y m\u00fasico profesional con m\u00e1s de 20 a\u00f1os de experiencia en realizaci\u00f3n de proyectos audiovisuales. Posee amplio conocimiento en flujos de trabajo de audio y herramientas de edici\u00f3n. Es docente e instructor certificado de Dolby Atmos y Avid Pro Tools (ACI 210D y 210P, Usuario Certificado Expert 310P), Avid [&hellip;]\" \/>\n<meta property=\"og:url\" content=\"https:\/\/eneaudio.edu.co\/index.php\/somos\/docentes\/andres-barrios\/\" \/>\n<meta property=\"og:site_name\" content=\"Instituto ENE Audio\" \/>\n<meta property=\"article:publisher\" content=\"https:\/\/www.facebook.com\/institutoeneaudio\" \/>\n<meta property=\"article:modified_time\" content=\"2024-05-27T12:41:14+00:00\" \/>\n<meta property=\"og:image\" content=\"https:\/\/eneaudio.edu.co\/wp-content\/uploads\/2024\/05\/Banner-Produccion-Musical.jpg\" \/>\n<meta name=\"twitter:card\" content=\"summary_large_image\" \/>\n<meta name=\"twitter:site\" content=\"@ENEaudio\" \/>\n<meta name=\"twitter:label1\" content=\"Tiempo de lectura\" \/>\n\t<meta name=\"twitter:data1\" content=\"4 minutos\" \/>\n<script type=\"application\/ld+json\" class=\"yoast-schema-graph\">{\"@context\":\"https:\/\/schema.org\",\"@graph\":[{\"@type\":\"WebPage\",\"@id\":\"https:\/\/eneaudio.edu.co\/index.php\/somos\/docentes\/andres-barrios\/\",\"url\":\"https:\/\/eneaudio.edu.co\/index.php\/somos\/docentes\/andres-barrios\/\",\"name\":\"Andres Barrios - Instituto ENE Audio\",\"isPartOf\":{\"@id\":\"https:\/\/eneaudio.edu.co\/#website\"},\"primaryImageOfPage\":{\"@id\":\"https:\/\/eneaudio.edu.co\/index.php\/somos\/docentes\/andres-barrios\/#primaryimage\"},\"image\":{\"@id\":\"https:\/\/eneaudio.edu.co\/index.php\/somos\/docentes\/andres-barrios\/#primaryimage\"},\"thumbnailUrl\":\"https:\/\/eneaudio.edu.co\/wp-content\/uploads\/2024\/05\/Banner-Produccion-Musical.jpg\",\"datePublished\":\"2024-03-11T16:53:51+00:00\",\"dateModified\":\"2024-05-27T12:41:14+00:00\",\"breadcrumb\":{\"@id\":\"https:\/\/eneaudio.edu.co\/index.php\/somos\/docentes\/andres-barrios\/#breadcrumb\"},\"inLanguage\":\"es\",\"potentialAction\":[{\"@type\":\"ReadAction\",\"target\":[\"https:\/\/eneaudio.edu.co\/index.php\/somos\/docentes\/andres-barrios\/\"]}]},{\"@type\":\"ImageObject\",\"inLanguage\":\"es\",\"@id\":\"https:\/\/eneaudio.edu.co\/index.php\/somos\/docentes\/andres-barrios\/#primaryimage\",\"url\":\"\",\"contentUrl\":\"\"},{\"@type\":\"BreadcrumbList\",\"@id\":\"https:\/\/eneaudio.edu.co\/index.php\/somos\/docentes\/andres-barrios\/#breadcrumb\",\"itemListElement\":[{\"@type\":\"ListItem\",\"position\":1,\"name\":\"Portada\",\"item\":\"https:\/\/eneaudio.edu.co\/\"},{\"@type\":\"ListItem\",\"position\":2,\"name\":\"SOMOS\",\"item\":\"https:\/\/eneaudio.edu.co\/index.php\/somos\/\"},{\"@type\":\"ListItem\",\"position\":3,\"name\":\"Docentes\",\"item\":\"https:\/\/eneaudio.edu.co\/indexphp\/somos\/docentes\/\"},{\"@type\":\"ListItem\",\"position\":4,\"name\":\"Andres Barrios\"}]},{\"@type\":\"WebSite\",\"@id\":\"https:\/\/eneaudio.edu.co\/#website\",\"url\":\"https:\/\/eneaudio.edu.co\/\",\"name\":\"Instituto ENE Audio\",\"description\":\"Educaci\u00f3n T\u00e9cnica en Audio y Sonido - Educaci\u00f3n Continua\",\"publisher\":{\"@id\":\"https:\/\/eneaudio.edu.co\/#organization\"},\"alternateName\":\"ENE Audio\",\"potentialAction\":[{\"@type\":\"SearchAction\",\"target\":{\"@type\":\"EntryPoint\",\"urlTemplate\":\"https:\/\/eneaudio.edu.co\/?s={search_term_string}\"},\"query-input\":{\"@type\":\"PropertyValueSpecification\",\"valueRequired\":true,\"valueName\":\"search_term_string\"}}],\"inLanguage\":\"es\"},{\"@type\":\"Organization\",\"@id\":\"https:\/\/eneaudio.edu.co\/#organization\",\"name\":\"Instituto ENE Audio\",\"url\":\"https:\/\/eneaudio.edu.co\/\",\"logo\":{\"@type\":\"ImageObject\",\"inLanguage\":\"es\",\"@id\":\"https:\/\/eneaudio.edu.co\/#\/schema\/logo\/image\/\",\"url\":\"https:\/\/eneaudio.edu.co\/wp-content\/uploads\/2023\/08\/eneaudio-logo-inicio-05.png\",\"contentUrl\":\"https:\/\/eneaudio.edu.co\/wp-content\/uploads\/2023\/08\/eneaudio-logo-inicio-05.png\",\"width\":364,\"height\":60,\"caption\":\"Instituto ENE Audio\"},\"image\":{\"@id\":\"https:\/\/eneaudio.edu.co\/#\/schema\/logo\/image\/\"},\"sameAs\":[\"https:\/\/www.facebook.com\/institutoeneaudio\",\"https:\/\/x.com\/ENEaudio\",\"https:\/\/www.instagram.com\/eneaudio\/\",\"https:\/\/www.youtube.com\/account_advanced\",\"https:\/\/www.tiktok.com\/@eneaudio\"]}]}<\/script>\n<!-- \/ Yoast SEO plugin. -->","yoast_head_json":{"title":"Andres Barrios - Instituto ENE Audio","robots":{"index":"index","follow":"follow","max-snippet":"max-snippet:-1","max-image-preview":"max-image-preview:large","max-video-preview":"max-video-preview:-1"},"canonical":"https:\/\/eneaudio.edu.co\/index.php\/somos\/docentes\/andres-barrios\/","og_locale":"es_ES","og_type":"article","og_title":"Andres Barrios - Instituto ENE Audio","og_description":"Andr\u00e9s Barrios Mier Ingeniero de sonido y m\u00fasico profesional con m\u00e1s de 20 a\u00f1os de experiencia en realizaci\u00f3n de proyectos audiovisuales. Posee amplio conocimiento en flujos de trabajo de audio y herramientas de edici\u00f3n. Es docente e instructor certificado de Dolby Atmos y Avid Pro Tools (ACI 210D y 210P, Usuario Certificado Expert 310P), Avid [&hellip;]","og_url":"https:\/\/eneaudio.edu.co\/index.php\/somos\/docentes\/andres-barrios\/","og_site_name":"Instituto ENE Audio","article_publisher":"https:\/\/www.facebook.com\/institutoeneaudio","article_modified_time":"2024-05-27T12:41:14+00:00","og_image":[{"url":"https:\/\/eneaudio.edu.co\/wp-content\/uploads\/2024\/05\/Banner-Produccion-Musical.jpg","type":"","width":"","height":""}],"twitter_card":"summary_large_image","twitter_site":"@ENEaudio","twitter_misc":{"Tiempo de lectura":"4 minutos"},"schema":{"@context":"https:\/\/schema.org","@graph":[{"@type":"WebPage","@id":"https:\/\/eneaudio.edu.co\/index.php\/somos\/docentes\/andres-barrios\/","url":"https:\/\/eneaudio.edu.co\/index.php\/somos\/docentes\/andres-barrios\/","name":"Andres Barrios - Instituto ENE Audio","isPartOf":{"@id":"https:\/\/eneaudio.edu.co\/#website"},"primaryImageOfPage":{"@id":"https:\/\/eneaudio.edu.co\/index.php\/somos\/docentes\/andres-barrios\/#primaryimage"},"image":{"@id":"https:\/\/eneaudio.edu.co\/index.php\/somos\/docentes\/andres-barrios\/#primaryimage"},"thumbnailUrl":"https:\/\/eneaudio.edu.co\/wp-content\/uploads\/2024\/05\/Banner-Produccion-Musical.jpg","datePublished":"2024-03-11T16:53:51+00:00","dateModified":"2024-05-27T12:41:14+00:00","breadcrumb":{"@id":"https:\/\/eneaudio.edu.co\/index.php\/somos\/docentes\/andres-barrios\/#breadcrumb"},"inLanguage":"es","potentialAction":[{"@type":"ReadAction","target":["https:\/\/eneaudio.edu.co\/index.php\/somos\/docentes\/andres-barrios\/"]}]},{"@type":"ImageObject","inLanguage":"es","@id":"https:\/\/eneaudio.edu.co\/index.php\/somos\/docentes\/andres-barrios\/#primaryimage","url":"","contentUrl":""},{"@type":"BreadcrumbList","@id":"https:\/\/eneaudio.edu.co\/index.php\/somos\/docentes\/andres-barrios\/#breadcrumb","itemListElement":[{"@type":"ListItem","position":1,"name":"Portada","item":"https:\/\/eneaudio.edu.co\/"},{"@type":"ListItem","position":2,"name":"SOMOS","item":"https:\/\/eneaudio.edu.co\/index.php\/somos\/"},{"@type":"ListItem","position":3,"name":"Docentes","item":"https:\/\/eneaudio.edu.co\/indexphp\/somos\/docentes\/"},{"@type":"ListItem","position":4,"name":"Andres Barrios"}]},{"@type":"WebSite","@id":"https:\/\/eneaudio.edu.co\/#website","url":"https:\/\/eneaudio.edu.co\/","name":"Instituto ENE Audio","description":"Educaci\u00f3n T\u00e9cnica en Audio y Sonido - Educaci\u00f3n Continua","publisher":{"@id":"https:\/\/eneaudio.edu.co\/#organization"},"alternateName":"ENE Audio","potentialAction":[{"@type":"SearchAction","target":{"@type":"EntryPoint","urlTemplate":"https:\/\/eneaudio.edu.co\/?s={search_term_string}"},"query-input":{"@type":"PropertyValueSpecification","valueRequired":true,"valueName":"search_term_string"}}],"inLanguage":"es"},{"@type":"Organization","@id":"https:\/\/eneaudio.edu.co\/#organization","name":"Instituto ENE Audio","url":"https:\/\/eneaudio.edu.co\/","logo":{"@type":"ImageObject","inLanguage":"es","@id":"https:\/\/eneaudio.edu.co\/#\/schema\/logo\/image\/","url":"https:\/\/eneaudio.edu.co\/wp-content\/uploads\/2023\/08\/eneaudio-logo-inicio-05.png","contentUrl":"https:\/\/eneaudio.edu.co\/wp-content\/uploads\/2023\/08\/eneaudio-logo-inicio-05.png","width":364,"height":60,"caption":"Instituto ENE Audio"},"image":{"@id":"https:\/\/eneaudio.edu.co\/#\/schema\/logo\/image\/"},"sameAs":["https:\/\/www.facebook.com\/institutoeneaudio","https:\/\/x.com\/ENEaudio","https:\/\/www.instagram.com\/eneaudio\/","https:\/\/www.youtube.com\/account_advanced","https:\/\/www.tiktok.com\/@eneaudio"]}]}},"jetpack_sharing_enabled":true,"jetpack-related-posts":[{"id":888,"url":"https:\/\/eneaudio.edu.co\/index.php\/somos\/docentes\/german-arevalo\/","url_meta":{"origin":748,"position":0},"title":"Germ\u00e1n Ar\u00e9valo","author":"admin","date":"11 de marzo de 2024","format":false,"excerpt":"","rel":"","context":"Entrada similar","block_context":{"text":"Entrada similar","link":""},"img":{"alt_text":"","src":"https:\/\/i0.wp.com\/eneaudio.edu.co\/wp-content\/uploads\/2024\/05\/Banner-Produccion-Musical.jpg?resize=350%2C200&ssl=1","width":350,"height":200,"srcset":"https:\/\/i0.wp.com\/eneaudio.edu.co\/wp-content\/uploads\/2024\/05\/Banner-Produccion-Musical.jpg?resize=350%2C200&ssl=1 1x, https:\/\/i0.wp.com\/eneaudio.edu.co\/wp-content\/uploads\/2024\/05\/Banner-Produccion-Musical.jpg?resize=525%2C300&ssl=1 1.5x, https:\/\/i0.wp.com\/eneaudio.edu.co\/wp-content\/uploads\/2024\/05\/Banner-Produccion-Musical.jpg?resize=700%2C400&ssl=1 2x"},"classes":[]},{"id":3605,"url":"https:\/\/eneaudio.edu.co\/indexphp\/post-produccion\/","url_meta":{"origin":748,"position":1},"title":"Cursos y talleres pagina borrador","author":"admin","date":"5 de octubre de 2024","format":false,"excerpt":"","rel":"","context":"Entrada similar","block_context":{"text":"Entrada similar","link":""},"img":{"alt_text":"","src":"","width":0,"height":0},"classes":[]},{"id":3286,"url":"https:\/\/eneaudio.edu.co\/indexphp\/cursos-y-talleres\/taller-medicion-de-loudness-para-audiovisuales-online\/","url_meta":{"origin":748,"position":2},"title":"Taller de Medici\u00f3n de Loudness para Audiovisuales &#8211; ONLINE","author":"admin","date":"5 de septiembre de 2024","format":false,"excerpt":"","rel":"","context":"Entrada similar","block_context":{"text":"Entrada similar","link":""},"img":{"alt_text":"","src":"","width":0,"height":0},"classes":[]},{"id":736,"url":"https:\/\/eneaudio.edu.co\/index.php\/somos\/docentes\/andres-torres\/","url_meta":{"origin":748,"position":3},"title":"Andr\u00e9s Torres","author":"admin","date":"11 de marzo de 2024","format":false,"excerpt":"","rel":"","context":"Entrada similar","block_context":{"text":"Entrada similar","link":""},"img":{"alt_text":"","src":"https:\/\/i0.wp.com\/eneaudio.edu.co\/wp-content\/uploads\/2024\/10\/banner-pm.png?resize=350%2C200&ssl=1","width":350,"height":200,"srcset":"https:\/\/i0.wp.com\/eneaudio.edu.co\/wp-content\/uploads\/2024\/10\/banner-pm.png?resize=350%2C200&ssl=1 1x, https:\/\/i0.wp.com\/eneaudio.edu.co\/wp-content\/uploads\/2024\/10\/banner-pm.png?resize=525%2C300&ssl=1 1.5x, https:\/\/i0.wp.com\/eneaudio.edu.co\/wp-content\/uploads\/2024\/10\/banner-pm.png?resize=700%2C400&ssl=1 2x"},"classes":[]},{"id":3368,"url":"https:\/\/eneaudio.edu.co\/indexphp\/cursos-y-talleres\/taller-de-limpieza-de-audio-en-izotope-rx-online\/","url_meta":{"origin":748,"position":4},"title":"Taller de Limpieza de Audio en iZotope RX &#8211; ONLINE","author":"admin","date":"10 de septiembre de 2024","format":false,"excerpt":"","rel":"","context":"Entrada similar","block_context":{"text":"Entrada similar","link":""},"img":{"alt_text":"","src":"","width":0,"height":0},"classes":[]},{"id":7787,"url":"https:\/\/eneaudio.edu.co\/taller-mastering-de-audio-profesional-flujo-de-trabajo-digital-e-hibrido-presencial\/","url_meta":{"origin":748,"position":5},"title":"Taller Mastering de Audio Profesional Flujo de Trabajo Digital e H\u00edbrido &#8211; PRESENCIAL","author":"admin","date":"22 de abril de 2026","format":false,"excerpt":"","rel":"","context":"Entrada similar","block_context":{"text":"Entrada similar","link":""},"img":{"alt_text":"","src":"","width":0,"height":0},"classes":[]}],"_links":{"self":[{"href":"https:\/\/eneaudio.edu.co\/index.php\/wp-json\/wp\/v2\/pages\/748","targetHints":{"allow":["GET"]}}],"collection":[{"href":"https:\/\/eneaudio.edu.co\/index.php\/wp-json\/wp\/v2\/pages"}],"about":[{"href":"https:\/\/eneaudio.edu.co\/index.php\/wp-json\/wp\/v2\/types\/page"}],"author":[{"embeddable":true,"href":"https:\/\/eneaudio.edu.co\/index.php\/wp-json\/wp\/v2\/users\/1"}],"replies":[{"embeddable":true,"href":"https:\/\/eneaudio.edu.co\/index.php\/wp-json\/wp\/v2\/comments?post=748"}],"version-history":[{"count":11,"href":"https:\/\/eneaudio.edu.co\/index.php\/wp-json\/wp\/v2\/pages\/748\/revisions"}],"predecessor-version":[{"id":2470,"href":"https:\/\/eneaudio.edu.co\/index.php\/wp-json\/wp\/v2\/pages\/748\/revisions\/2470"}],"up":[{"embeddable":true,"href":"https:\/\/eneaudio.edu.co\/index.php\/wp-json\/wp\/v2\/pages\/557"}],"wp:attachment":[{"href":"https:\/\/eneaudio.edu.co\/index.php\/wp-json\/wp\/v2\/media?parent=748"}],"curies":[{"name":"wp","href":"https:\/\/api.w.org\/{rel}","templated":true}]}}