{"id":831,"date":"2024-03-11T16:20:37","date_gmt":"2024-03-11T21:20:37","guid":{"rendered":"https:\/\/eneaudio-edu-co.preview-domain.com\/?page_id=831"},"modified":"2025-04-23T10:36:26","modified_gmt":"2025-04-23T15:36:26","slug":"ricardo-escallon","status":"publish","type":"page","link":"https:\/\/eneaudio.edu.co\/indexphp\/somos\/docentes-ene-audio\/ricardo-escallon\/","title":{"rendered":"Ricardo Escall\u00f3n"},"content":{"rendered":"<p>[et_pb_section fb_built=\u00bb1&#8243; _builder_version=\u00bb4.24.2&#8243; _module_preset=\u00bbdefault\u00bb global_colors_info=\u00bb{}\u00bb][et_pb_row column_structure=\u00bb2_3,1_3&#8243; _builder_version=\u00bb4.25.1&#8243; _module_preset=\u00bbdefault\u00bb hover_enabled=\u00bb0&#8243; locked=\u00bboff\u00bb global_colors_info=\u00bb{}\u00bb sticky_enabled=\u00bb0&#8243;][et_pb_column type=\u00bb2_3&#8243; _builder_version=\u00bb4.24.2&#8243; _module_preset=\u00bbdefault\u00bb global_colors_info=\u00bb{}\u00bb][et_pb_image src=\u00bbhttps:\/\/eneaudio-edu-co.preview-domain.com\/wp-content\/uploads\/2024\/03\/ricardo-escallon.jpeg\u00bb title_text=\u00bbricardo-escallon\u00bb _builder_version=\u00bb4.24.2&#8243; _module_preset=\u00bbdefault\u00bb global_colors_info=\u00bb{}\u00bb][\/et_pb_image][et_pb_text _builder_version=\u00bb4.25.0&#8243; _module_preset=\u00bbdefault\u00bb header_text_color=\u00bb#C70000&#8243; custom_padding=\u00bb||0px|||\u00bb global_colors_info=\u00bb{}\u00bb]<\/p>\n<h1>Ricardo Escall\u00f3n<\/h1>\n<p>M\u00fasico electroac\u00fastico, dise\u00f1ador e ingeniero de sonido especialista en el \u00e1rea de postproducci\u00f3n y profesor universitario.<\/p>\n<p>Se gradu\u00f3 en teor\u00eda y composici\u00f3n musical, culmin\u00f3 sus estudios de postgrado en m\u00fasica por computador y medios electr\u00f3nicos en la Universidad de M\u00fasica y Artes Representativas de Viena, Austria.<\/p>\n<p>Tiene cr\u00e9ditos como mezclador, dise\u00f1ador de sonido, m\u00fasico, entre otros, en diversas pel\u00edculas de cine como \u201cEl Rey\u201d, \u201cLos Ni\u00f1os Invisibles\u201d, \u201c2016 DC\u201d, \u201cLa Primera Noche\u201d, \u201cColombianos\u201d, \u201cLa Vuelta de Hoja\u201d, \u201cMar\u00eda llena eres de gracia\u201d, \u201cSin Amparo\u201d y otras m\u00e1s, as\u00ed como en innumerables producciones discogr\u00e1ficas y publicitarias.<\/p>\n<p>Dentro de su cat\u00e1logo de obras musicales se destaca el Concierto para Flauta Virtual, Kartenspiel, \u00a1Gracias! Dalila, Baking the Flute, Intimidades de un tel\u00e9fono p\u00fablico, y la m\u00e1s reciente, Floyd, entre otras.<\/p>\n<p>[\/et_pb_text][\/et_pb_column][et_pb_column type=\u00bb1_3&#8243; _builder_version=\u00bb4.24.2&#8243; _module_preset=\u00bbdefault\u00bb global_colors_info=\u00bb{}\u00bb][et_pb_button button_url=\u00bb@ET-DC@eyJkeW5hbWljIjp0cnVlLCJjb250ZW50IjoicG9zdF9saW5rX3VybF9wYWdlIiwic2V0dGluZ3MiOnsicG9zdF9pZCI6IjU1NyJ9fQ==@\u00bb button_text=\u00bbVer todos los docentes\u00bb button_alignment=\u00bbleft\u00bb _builder_version=\u00bb4.25.0&#8243; _dynamic_attributes=\u00bbbutton_url\u00bb _module_preset=\u00bbdefault\u00bb custom_button=\u00bbon\u00bb button_text_size=\u00bb28px\u00bb button_text_color=\u00bb#C70000&#8243; button_bg_color=\u00bbRGBA(255,255,255,0)\u00bb button_border_width=\u00bb2px\u00bb button_border_color=\u00bb#C70000&#8243; button_border_radius=\u00bb2377px\u00bb button_icon=\u00bb&#x24;||divi||400&#8243; button_icon_color=\u00bb#C70000&#8243; button_icon_placement=\u00bbleft\u00bb button_on_hover=\u00bboff\u00bb background_layout=\u00bbdark\u00bb button_text_size_tablet=\u00bb\u00bb button_text_size_phone=\u00bb20px\u00bb button_text_size_last_edited=\u00bbon|phone\u00bb box_shadow_style=\u00bbpreset1&#8243; locked=\u00bboff\u00bb global_colors_info=\u00bb{}\u00bb][\/et_pb_button][et_pb_divider color=\u00bb#C70000&#8243; _builder_version=\u00bb4.24.2&#8243; _module_preset=\u00bbdefault\u00bb custom_margin=\u00bb0px||0px||false|false\u00bb locked=\u00bboff\u00bb global_colors_info=\u00bb{}\u00bb][\/et_pb_divider][et_pb_text _builder_version=\u00bb4.25.0&#8243; _module_preset=\u00bbdefault\u00bb text_text_color=\u00bb#C70000&#8243; min_height=\u00bb325px\u00bb custom_padding=\u00bb||15px|||\u00bb custom_css_free_form=\u00bb.et_pb_text.et_pb_module img,||.et_pb_text.et_pb_module video {||    margin-bottom: 10px;||}\u00bb global_module=\u00bb2178&#8243; saved_tabs=\u00bball\u00bb global_colors_info=\u00bb{}\u00bb]<\/p>\n<h1><span style=\"color: #c70000;\"><a href=\"https:\/\/eneaudio.edu.co\/index.php\/programas-academicos\/\" style=\"color: #c70000;\">Conoce nuestros Programas Acad\u00e9micos<\/a><\/span><\/h1>\n<h1><a href=\"https:\/\/eneaudio.edu.co\/index.php\/produccion-musical\/\"><img loading=\"lazy\" decoding=\"async\" src=\"https:\/\/eneaudio.edu.co\/wp-content\/uploads\/2024\/05\/Banner-Produccion-Musical.jpg\" width=\"800\" height=\"180\" alt=\"\" class=\"wp-image-2165 alignleft size-full\" \/><\/a><a href=\"https:\/\/eneaudio.edu.co\/index.php\/postproduccion-de-audio\/\"><img loading=\"lazy\" decoding=\"async\" src=\"https:\/\/eneaudio.edu.co\/wp-content\/uploads\/2024\/05\/Banner-Postproduccion.jpg\" width=\"800\" height=\"180\" alt=\"\" class=\"wp-image-2167 alignleft size-full\" \/><\/a><a href=\"https:\/\/eneaudio.edu.co\/index.php\/sonido-en-vivo\/\"><img loading=\"lazy\" decoding=\"async\" src=\"https:\/\/eneaudio.edu.co\/wp-content\/uploads\/2024\/05\/Banner-Sonido-en-Vivo.jpg\" width=\"800\" height=\"180\" alt=\"\" class=\"wp-image-2166 alignleft size-full\" \/><\/a><\/h1>\n<p>[\/et_pb_text][et_pb_divider color=\u00bb#C70000&#8243; _builder_version=\u00bb4.24.2&#8243; _module_preset=\u00bbdefault\u00bb custom_margin=\u00bb0px||0px||false|false\u00bb locked=\u00bboff\u00bb global_colors_info=\u00bb{}\u00bb][\/et_pb_divider][et_pb_text _builder_version=\u00bb4.25.1&#8243; _module_preset=\u00bbdefault\u00bb header_text_color=\u00bb#C70000&#8243; header_2_text_color=\u00bb#C70000&#8243; min_height=\u00bb349px\u00bb custom_css_free_form=\u00bb.et_pb_text.et_pb_module img,||.et_pb_text.et_pb_module video {||    margin-bottom: 10px;||}\u00bb global_module=\u00bb2169&#8243; locked=\u00bboff\u00bb global_colors_info=\u00bb{}\u00bb]<\/p>\n<h1><a href=\"https:\/\/eneaudio.edu.co\/index.php\/cursos-y-talleres\/\">Pr\u00f3ximos Cursos, Talleres y Diplomados<\/a><\/h1>\n<h1><a href=\"https:\/\/eneaudio.edu.co\/index.php\/certificaciones-pro-tools\/\"><img loading=\"lazy\" decoding=\"async\" class=\"wp-image-2129 alignleft size-full\" src=\"https:\/\/eneaudio.edu.co\/wp-content\/uploads\/2024\/05\/Banner-Certificaciones-Pro-Tools.jpg\" alt=\"\" width=\"800\" height=\"180\" srcset=\"https:\/\/eneaudio.edu.co\/wp-content\/uploads\/2024\/05\/Banner-Certificaciones-Pro-Tools.jpg 800w, https:\/\/eneaudio.edu.co\/wp-content\/uploads\/2024\/05\/Banner-Certificaciones-Pro-Tools-480x108.jpg 480w\" sizes=\"auto, (min-width: 0px) and (max-width: 480px) 480px, (min-width: 481px) 800px, 100vw\" \/><\/a><br \/><a href=\"https:\/\/eneaudio.edu.co\/index.php\/tmp\/\"><img loading=\"lazy\" decoding=\"async\" src=\"https:\/\/eneaudio.edu.co\/wp-content\/uploads\/2024\/05\/Banner-Taller-de-Musica-en-Produccion.jpg\" width=\"800\" height=\"180\" alt=\"\" class=\"wp-image-2456 alignleft size-full\" srcset=\"https:\/\/eneaudio.edu.co\/wp-content\/uploads\/2024\/05\/Banner-Taller-de-Musica-en-Produccion.jpg 800w, https:\/\/eneaudio.edu.co\/wp-content\/uploads\/2024\/05\/Banner-Taller-de-Musica-en-Produccion-480x108.jpg 480w\" sizes=\"auto, (min-width: 0px) and (max-width: 480px) 480px, (min-width: 481px) 800px, 100vw\" \/><\/a><br \/><a href=\"https:\/\/pay.hotmart.com\/I86118195M?checkoutMode=6&amp;off=2ttnfuya&amp;offDiscount=60ENE330\" target=\"_blank\" rel=\"noopener\"><img loading=\"lazy\" decoding=\"async\" class=\"wp-image-2130 alignleft size-full\" src=\"https:\/\/eneaudio.edu.co\/wp-content\/uploads\/2024\/05\/Banner-Mezcla-5.1-Pro-Tools.jpg\" alt=\"\" width=\"800\" height=\"180\" srcset=\"https:\/\/eneaudio.edu.co\/wp-content\/uploads\/2024\/05\/Banner-Mezcla-5.1-Pro-Tools.jpg 800w, https:\/\/eneaudio.edu.co\/wp-content\/uploads\/2024\/05\/Banner-Mezcla-5.1-Pro-Tools-480x108.jpg 480w\" sizes=\"auto, (min-width: 0px) and (max-width: 480px) 480px, (min-width: 481px) 800px, 100vw\" \/><\/a><\/h1>\n<p>[\/et_pb_text][\/et_pb_column][\/et_pb_row][\/et_pb_section]<\/p>\n","protected":false},"excerpt":{"rendered":"<p>Ricardo Escall\u00f3n M\u00fasico electroac\u00fastico, dise\u00f1ador e ingeniero de sonido especialista en el \u00e1rea de postproducci\u00f3n y profesor universitario. Se gradu\u00f3 en teor\u00eda y composici\u00f3n musical, culmin\u00f3 sus estudios de postgrado en m\u00fasica por computador y medios electr\u00f3nicos en la Universidad de M\u00fasica y Artes Representativas de Viena, Austria. Tiene cr\u00e9ditos como mezclador, dise\u00f1ador de sonido, [&hellip;]<\/p>\n","protected":false},"author":1,"featured_media":0,"parent":557,"menu_order":0,"comment_status":"closed","ping_status":"closed","template":"","meta":{"_et_pb_use_builder":"on","_et_pb_old_content":"","_et_gb_content_width":"","sfsi_plus_gutenberg_text_before_share":"","sfsi_plus_gutenberg_show_text_before_share":"","sfsi_plus_gutenberg_icon_type":"","sfsi_plus_gutenberg_icon_alignemt":"","sfsi_plus_gutenburg_max_per_row":"","_monsterinsights_skip_tracking":false,"_monsterinsights_sitenote_active":false,"_monsterinsights_sitenote_note":"","_monsterinsights_sitenote_category":0,"_joinchat":[],"footnotes":""},"class_list":["post-831","page","type-page","status-publish","hentry"],"yoast_head":"<!-- This site is optimized with the Yoast SEO plugin v26.9 - https:\/\/yoast.com\/product\/yoast-seo-wordpress\/ -->\n<title>Ricardo Escall\u00f3n - Instituto ENE Audio<\/title>\n<meta name=\"robots\" content=\"index, follow, max-snippet:-1, max-image-preview:large, max-video-preview:-1\" \/>\n<link rel=\"canonical\" href=\"https:\/\/eneaudio.edu.co\/indexphp\/somos\/docentes-ene-audio\/ricardo-escallon\/\" \/>\n<meta property=\"og:locale\" content=\"es_ES\" \/>\n<meta property=\"og:type\" content=\"article\" \/>\n<meta property=\"og:title\" content=\"Ricardo Escall\u00f3n - Instituto ENE Audio\" \/>\n<meta property=\"og:description\" content=\"Ricardo Escall\u00f3n M\u00fasico electroac\u00fastico, dise\u00f1ador e ingeniero de sonido especialista en el \u00e1rea de postproducci\u00f3n y profesor universitario. Se gradu\u00f3 en teor\u00eda y composici\u00f3n musical, culmin\u00f3 sus estudios de postgrado en m\u00fasica por computador y medios electr\u00f3nicos en la Universidad de M\u00fasica y Artes Representativas de Viena, Austria. Tiene cr\u00e9ditos como mezclador, dise\u00f1ador de sonido, [&hellip;]\" \/>\n<meta property=\"og:url\" content=\"https:\/\/eneaudio.edu.co\/indexphp\/somos\/docentes-ene-audio\/ricardo-escallon\/\" \/>\n<meta property=\"og:site_name\" content=\"Instituto ENE Audio\" \/>\n<meta property=\"article:publisher\" content=\"https:\/\/www.facebook.com\/institutoeneaudio\" \/>\n<meta property=\"article:modified_time\" content=\"2025-04-23T15:36:26+00:00\" \/>\n<meta property=\"og:image\" content=\"https:\/\/eneaudio.edu.co\/wp-content\/uploads\/2025\/07\/Imagen-ENE-Audio-Pag.-Web.jpg\" \/>\n\t<meta property=\"og:image:width\" content=\"1774\" \/>\n\t<meta property=\"og:image:height\" content=\"675\" \/>\n\t<meta property=\"og:image:type\" content=\"image\/jpeg\" \/>\n<meta name=\"twitter:card\" content=\"summary_large_image\" \/>\n<meta name=\"twitter:site\" content=\"@ENEaudio\" \/>\n<meta name=\"twitter:label1\" content=\"Tiempo de lectura\" \/>\n\t<meta name=\"twitter:data1\" content=\"3 minutos\" \/>\n<script type=\"application\/ld+json\" class=\"yoast-schema-graph\">{\"@context\":\"https:\/\/schema.org\",\"@graph\":[{\"@type\":\"WebPage\",\"@id\":\"https:\/\/eneaudio.edu.co\/indexphp\/somos\/docentes-ene-audio\/ricardo-escallon\/\",\"url\":\"https:\/\/eneaudio.edu.co\/indexphp\/somos\/docentes-ene-audio\/ricardo-escallon\/\",\"name\":\"Ricardo Escall\u00f3n - Instituto ENE Audio\",\"isPartOf\":{\"@id\":\"https:\/\/eneaudio.edu.co\/#website\"},\"primaryImageOfPage\":{\"@id\":\"https:\/\/eneaudio.edu.co\/indexphp\/somos\/docentes-ene-audio\/ricardo-escallon\/#primaryimage\"},\"image\":{\"@id\":\"https:\/\/eneaudio.edu.co\/indexphp\/somos\/docentes-ene-audio\/ricardo-escallon\/#primaryimage\"},\"thumbnailUrl\":\"https:\/\/eneaudio.edu.co\/wp-content\/uploads\/2024\/05\/Banner-Produccion-Musical.jpg\",\"datePublished\":\"2024-03-11T21:20:37+00:00\",\"dateModified\":\"2025-04-23T15:36:26+00:00\",\"breadcrumb\":{\"@id\":\"https:\/\/eneaudio.edu.co\/indexphp\/somos\/docentes-ene-audio\/ricardo-escallon\/#breadcrumb\"},\"inLanguage\":\"es\",\"potentialAction\":[{\"@type\":\"ReadAction\",\"target\":[\"https:\/\/eneaudio.edu.co\/indexphp\/somos\/docentes-ene-audio\/ricardo-escallon\/\"]}]},{\"@type\":\"ImageObject\",\"inLanguage\":\"es\",\"@id\":\"https:\/\/eneaudio.edu.co\/indexphp\/somos\/docentes-ene-audio\/ricardo-escallon\/#primaryimage\",\"url\":\"\",\"contentUrl\":\"\"},{\"@type\":\"BreadcrumbList\",\"@id\":\"https:\/\/eneaudio.edu.co\/indexphp\/somos\/docentes-ene-audio\/ricardo-escallon\/#breadcrumb\",\"itemListElement\":[{\"@type\":\"ListItem\",\"position\":1,\"name\":\"Portada\",\"item\":\"https:\/\/eneaudio.edu.co\/\"},{\"@type\":\"ListItem\",\"position\":2,\"name\":\"SOMOS\",\"item\":\"https:\/\/eneaudio.edu.co\/index.php\/somos\/\"},{\"@type\":\"ListItem\",\"position\":3,\"name\":\"Docentes\",\"item\":\"https:\/\/eneaudio.edu.co\/indexphp\/somos\/docentes\/\"},{\"@type\":\"ListItem\",\"position\":4,\"name\":\"Ricardo Escall\u00f3n\"}]},{\"@type\":\"WebSite\",\"@id\":\"https:\/\/eneaudio.edu.co\/#website\",\"url\":\"https:\/\/eneaudio.edu.co\/\",\"name\":\"Instituto ENE Audio\",\"description\":\"Educaci\u00f3n T\u00e9cnica en Audio y Sonido - Educaci\u00f3n Continua\",\"publisher\":{\"@id\":\"https:\/\/eneaudio.edu.co\/#organization\"},\"alternateName\":\"ENE Audio\",\"potentialAction\":[{\"@type\":\"SearchAction\",\"target\":{\"@type\":\"EntryPoint\",\"urlTemplate\":\"https:\/\/eneaudio.edu.co\/?s={search_term_string}\"},\"query-input\":{\"@type\":\"PropertyValueSpecification\",\"valueRequired\":true,\"valueName\":\"search_term_string\"}}],\"inLanguage\":\"es\"},{\"@type\":\"Organization\",\"@id\":\"https:\/\/eneaudio.edu.co\/#organization\",\"name\":\"Instituto ENE Audio\",\"url\":\"https:\/\/eneaudio.edu.co\/\",\"logo\":{\"@type\":\"ImageObject\",\"inLanguage\":\"es\",\"@id\":\"https:\/\/eneaudio.edu.co\/#\/schema\/logo\/image\/\",\"url\":\"https:\/\/eneaudio.edu.co\/wp-content\/uploads\/2023\/08\/eneaudio-logo-inicio-05.png\",\"contentUrl\":\"https:\/\/eneaudio.edu.co\/wp-content\/uploads\/2023\/08\/eneaudio-logo-inicio-05.png\",\"width\":364,\"height\":60,\"caption\":\"Instituto ENE Audio\"},\"image\":{\"@id\":\"https:\/\/eneaudio.edu.co\/#\/schema\/logo\/image\/\"},\"sameAs\":[\"https:\/\/www.facebook.com\/institutoeneaudio\",\"https:\/\/x.com\/ENEaudio\",\"https:\/\/www.instagram.com\/eneaudio\/\",\"https:\/\/www.youtube.com\/account_advanced\",\"https:\/\/www.tiktok.com\/@eneaudio\"]}]}<\/script>\n<!-- \/ Yoast SEO plugin. -->","yoast_head_json":{"title":"Ricardo Escall\u00f3n - Instituto ENE Audio","robots":{"index":"index","follow":"follow","max-snippet":"max-snippet:-1","max-image-preview":"max-image-preview:large","max-video-preview":"max-video-preview:-1"},"canonical":"https:\/\/eneaudio.edu.co\/indexphp\/somos\/docentes-ene-audio\/ricardo-escallon\/","og_locale":"es_ES","og_type":"article","og_title":"Ricardo Escall\u00f3n - Instituto ENE Audio","og_description":"Ricardo Escall\u00f3n M\u00fasico electroac\u00fastico, dise\u00f1ador e ingeniero de sonido especialista en el \u00e1rea de postproducci\u00f3n y profesor universitario. Se gradu\u00f3 en teor\u00eda y composici\u00f3n musical, culmin\u00f3 sus estudios de postgrado en m\u00fasica por computador y medios electr\u00f3nicos en la Universidad de M\u00fasica y Artes Representativas de Viena, Austria. Tiene cr\u00e9ditos como mezclador, dise\u00f1ador de sonido, [&hellip;]","og_url":"https:\/\/eneaudio.edu.co\/indexphp\/somos\/docentes-ene-audio\/ricardo-escallon\/","og_site_name":"Instituto ENE Audio","article_publisher":"https:\/\/www.facebook.com\/institutoeneaudio","article_modified_time":"2025-04-23T15:36:26+00:00","og_image":[{"width":1774,"height":675,"url":"https:\/\/eneaudio.edu.co\/wp-content\/uploads\/2025\/07\/Imagen-ENE-Audio-Pag.-Web.jpg","type":"image\/jpeg"}],"twitter_card":"summary_large_image","twitter_site":"@ENEaudio","twitter_misc":{"Tiempo de lectura":"3 minutos"},"schema":{"@context":"https:\/\/schema.org","@graph":[{"@type":"WebPage","@id":"https:\/\/eneaudio.edu.co\/indexphp\/somos\/docentes-ene-audio\/ricardo-escallon\/","url":"https:\/\/eneaudio.edu.co\/indexphp\/somos\/docentes-ene-audio\/ricardo-escallon\/","name":"Ricardo Escall\u00f3n - Instituto ENE Audio","isPartOf":{"@id":"https:\/\/eneaudio.edu.co\/#website"},"primaryImageOfPage":{"@id":"https:\/\/eneaudio.edu.co\/indexphp\/somos\/docentes-ene-audio\/ricardo-escallon\/#primaryimage"},"image":{"@id":"https:\/\/eneaudio.edu.co\/indexphp\/somos\/docentes-ene-audio\/ricardo-escallon\/#primaryimage"},"thumbnailUrl":"https:\/\/eneaudio.edu.co\/wp-content\/uploads\/2024\/05\/Banner-Produccion-Musical.jpg","datePublished":"2024-03-11T21:20:37+00:00","dateModified":"2025-04-23T15:36:26+00:00","breadcrumb":{"@id":"https:\/\/eneaudio.edu.co\/indexphp\/somos\/docentes-ene-audio\/ricardo-escallon\/#breadcrumb"},"inLanguage":"es","potentialAction":[{"@type":"ReadAction","target":["https:\/\/eneaudio.edu.co\/indexphp\/somos\/docentes-ene-audio\/ricardo-escallon\/"]}]},{"@type":"ImageObject","inLanguage":"es","@id":"https:\/\/eneaudio.edu.co\/indexphp\/somos\/docentes-ene-audio\/ricardo-escallon\/#primaryimage","url":"","contentUrl":""},{"@type":"BreadcrumbList","@id":"https:\/\/eneaudio.edu.co\/indexphp\/somos\/docentes-ene-audio\/ricardo-escallon\/#breadcrumb","itemListElement":[{"@type":"ListItem","position":1,"name":"Portada","item":"https:\/\/eneaudio.edu.co\/"},{"@type":"ListItem","position":2,"name":"SOMOS","item":"https:\/\/eneaudio.edu.co\/index.php\/somos\/"},{"@type":"ListItem","position":3,"name":"Docentes","item":"https:\/\/eneaudio.edu.co\/indexphp\/somos\/docentes\/"},{"@type":"ListItem","position":4,"name":"Ricardo Escall\u00f3n"}]},{"@type":"WebSite","@id":"https:\/\/eneaudio.edu.co\/#website","url":"https:\/\/eneaudio.edu.co\/","name":"Instituto ENE Audio","description":"Educaci\u00f3n T\u00e9cnica en Audio y Sonido - Educaci\u00f3n Continua","publisher":{"@id":"https:\/\/eneaudio.edu.co\/#organization"},"alternateName":"ENE Audio","potentialAction":[{"@type":"SearchAction","target":{"@type":"EntryPoint","urlTemplate":"https:\/\/eneaudio.edu.co\/?s={search_term_string}"},"query-input":{"@type":"PropertyValueSpecification","valueRequired":true,"valueName":"search_term_string"}}],"inLanguage":"es"},{"@type":"Organization","@id":"https:\/\/eneaudio.edu.co\/#organization","name":"Instituto ENE Audio","url":"https:\/\/eneaudio.edu.co\/","logo":{"@type":"ImageObject","inLanguage":"es","@id":"https:\/\/eneaudio.edu.co\/#\/schema\/logo\/image\/","url":"https:\/\/eneaudio.edu.co\/wp-content\/uploads\/2023\/08\/eneaudio-logo-inicio-05.png","contentUrl":"https:\/\/eneaudio.edu.co\/wp-content\/uploads\/2023\/08\/eneaudio-logo-inicio-05.png","width":364,"height":60,"caption":"Instituto ENE Audio"},"image":{"@id":"https:\/\/eneaudio.edu.co\/#\/schema\/logo\/image\/"},"sameAs":["https:\/\/www.facebook.com\/institutoeneaudio","https:\/\/x.com\/ENEaudio","https:\/\/www.instagram.com\/eneaudio\/","https:\/\/www.youtube.com\/account_advanced","https:\/\/www.tiktok.com\/@eneaudio"]}]}},"jetpack_sharing_enabled":true,"jetpack-related-posts":[{"id":3605,"url":"https:\/\/eneaudio.edu.co\/indexphp\/post-produccion\/","url_meta":{"origin":831,"position":0},"title":"Cursos y talleres pagina borrador","author":"admin","date":"5 de octubre de 2024","format":false,"excerpt":"","rel":"","context":"Entrada similar","block_context":{"text":"Entrada similar","link":""},"img":{"alt_text":"","src":"","width":0,"height":0},"classes":[]},{"id":3286,"url":"https:\/\/eneaudio.edu.co\/indexphp\/cursos-y-talleres\/taller-medicion-de-loudness-para-audiovisuales-online\/","url_meta":{"origin":831,"position":1},"title":"Taller de Medici\u00f3n de Loudness para Audiovisuales &#8211; ONLINE","author":"admin","date":"5 de septiembre de 2024","format":false,"excerpt":"","rel":"","context":"Entrada similar","block_context":{"text":"Entrada similar","link":""},"img":{"alt_text":"","src":"","width":0,"height":0},"classes":[]},{"id":888,"url":"https:\/\/eneaudio.edu.co\/index.php\/somos\/docentes\/german-arevalo\/","url_meta":{"origin":831,"position":2},"title":"Germ\u00e1n Ar\u00e9valo","author":"admin","date":"11 de marzo de 2024","format":false,"excerpt":"","rel":"","context":"Entrada similar","block_context":{"text":"Entrada similar","link":""},"img":{"alt_text":"","src":"https:\/\/i0.wp.com\/eneaudio.edu.co\/wp-content\/uploads\/2024\/05\/Banner-Produccion-Musical.jpg?resize=350%2C200&ssl=1","width":350,"height":200,"srcset":"https:\/\/i0.wp.com\/eneaudio.edu.co\/wp-content\/uploads\/2024\/05\/Banner-Produccion-Musical.jpg?resize=350%2C200&ssl=1 1x, https:\/\/i0.wp.com\/eneaudio.edu.co\/wp-content\/uploads\/2024\/05\/Banner-Produccion-Musical.jpg?resize=525%2C300&ssl=1 1.5x, https:\/\/i0.wp.com\/eneaudio.edu.co\/wp-content\/uploads\/2024\/05\/Banner-Produccion-Musical.jpg?resize=700%2C400&ssl=1 2x"},"classes":[]},{"id":3368,"url":"https:\/\/eneaudio.edu.co\/indexphp\/cursos-y-talleres\/taller-de-limpieza-de-audio-en-izotope-rx-online\/","url_meta":{"origin":831,"position":3},"title":"Taller de Limpieza de Audio en iZotope RX &#8211; ONLINE","author":"admin","date":"10 de septiembre de 2024","format":false,"excerpt":"","rel":"","context":"Entrada similar","block_context":{"text":"Entrada similar","link":""},"img":{"alt_text":"","src":"","width":0,"height":0},"classes":[]},{"id":7787,"url":"https:\/\/eneaudio.edu.co\/taller-mastering-de-audio-profesional-flujo-de-trabajo-digital-e-hibrido-presencial\/","url_meta":{"origin":831,"position":4},"title":"Taller Mastering de Audio Profesional Flujo de Trabajo Digital e H\u00edbrido &#8211; PRESENCIAL","author":"admin","date":"22 de abril de 2026","format":false,"excerpt":"","rel":"","context":"Entrada similar","block_context":{"text":"Entrada similar","link":""},"img":{"alt_text":"","src":"","width":0,"height":0},"classes":[]},{"id":711,"url":"https:\/\/eneaudio.edu.co\/index.php\/somos\/docentes\/edgar-trujillo\/","url_meta":{"origin":831,"position":5},"title":"Edgar Trujillo","author":"admin","date":"11 de marzo de 2024","format":false,"excerpt":"","rel":"","context":"Entrada similar","block_context":{"text":"Entrada similar","link":""},"img":{"alt_text":"","src":"https:\/\/i0.wp.com\/eneaudio.edu.co\/wp-content\/uploads\/2024\/05\/Banner-Produccion-Musical.jpg?resize=350%2C200&ssl=1","width":350,"height":200,"srcset":"https:\/\/i0.wp.com\/eneaudio.edu.co\/wp-content\/uploads\/2024\/05\/Banner-Produccion-Musical.jpg?resize=350%2C200&ssl=1 1x, https:\/\/i0.wp.com\/eneaudio.edu.co\/wp-content\/uploads\/2024\/05\/Banner-Produccion-Musical.jpg?resize=525%2C300&ssl=1 1.5x, https:\/\/i0.wp.com\/eneaudio.edu.co\/wp-content\/uploads\/2024\/05\/Banner-Produccion-Musical.jpg?resize=700%2C400&ssl=1 2x"},"classes":[]}],"_links":{"self":[{"href":"https:\/\/eneaudio.edu.co\/index.php\/wp-json\/wp\/v2\/pages\/831","targetHints":{"allow":["GET"]}}],"collection":[{"href":"https:\/\/eneaudio.edu.co\/index.php\/wp-json\/wp\/v2\/pages"}],"about":[{"href":"https:\/\/eneaudio.edu.co\/index.php\/wp-json\/wp\/v2\/types\/page"}],"author":[{"embeddable":true,"href":"https:\/\/eneaudio.edu.co\/index.php\/wp-json\/wp\/v2\/users\/1"}],"replies":[{"embeddable":true,"href":"https:\/\/eneaudio.edu.co\/index.php\/wp-json\/wp\/v2\/comments?post=831"}],"version-history":[{"count":5,"href":"https:\/\/eneaudio.edu.co\/index.php\/wp-json\/wp\/v2\/pages\/831\/revisions"}],"predecessor-version":[{"id":2489,"href":"https:\/\/eneaudio.edu.co\/index.php\/wp-json\/wp\/v2\/pages\/831\/revisions\/2489"}],"up":[{"embeddable":true,"href":"https:\/\/eneaudio.edu.co\/index.php\/wp-json\/wp\/v2\/pages\/557"}],"wp:attachment":[{"href":"https:\/\/eneaudio.edu.co\/index.php\/wp-json\/wp\/v2\/media?parent=831"}],"curies":[{"name":"wp","href":"https:\/\/api.w.org\/{rel}","templated":true}]}}